{"id":1151,"date":"2020-12-10T10:48:30","date_gmt":"2020-12-10T10:48:30","guid":{"rendered":"https:\/\/test.jepvenezuela.com\/museo-de-la-memoria-y-la-represion\/?post_type=caidos&#038;p=1151"},"modified":"2021-01-05T18:06:37","modified_gmt":"2021-01-05T18:06:37","slug":"jose-fernando-sanchez-sanchez","status":"publish","type":"caidos","link":"https:\/\/www.jepvenezuela.com\/museo-de-la-memoria-y-la-represion\/caidos\/jose-fernando-sanchez-sanchez\/","title":{"rendered":"Jos\u00e9 Fernando S\u00e1nchez S\u00e1nchez"},"content":{"rendered":"\n<h2>Otra v\u00edctima de la pr\u00e1ctica sistem\u00e1tica violatoria de los derechos humanos en Venezuela<\/h2>\n\n\n\n<div style=\"height:100px\" aria-hidden=\"true\" class=\"wp-block-spacer\"><\/div>\n\n\n\n<h5>Jos\u00e9 Fernando fue asesinado a los 24 a\u00f1os de edad de un disparo en el abdomen, el domingo 30 de julio de 2017. El hecho ocurri\u00f3 en el sector El Llano del municipio Tovar, estado M\u00e9rida.<\/h5>\n<h5><br>El Ministerio P\u00fablico inform\u00f3 que el caso se encuentra en proceso de investigaci\u00f3n<\/h5>\n\n\n\n<div style=\"height:100px\" aria-hidden=\"true\" class=\"wp-block-spacer\"><\/div>\n\n\n\n<h2 style=\"text-align: left\">En Venezuela, las violaciones de los derechos humanos constituyen una pol\u00edtica de Estado y califican como cr\u00edmenes de lesa humanidad<\/h2>\n\n\n\n<div style=\"height:100px\" aria-hidden=\"true\" class=\"wp-block-spacer\"><\/div>\n\n\n\n<hr class=\"wp-block-separator has-text-color has-background has-white-background-color has-white-color\" \/>\n\n\n\n<div style=\"height:100px\" aria-hidden=\"true\" class=\"wp-block-spacer\"><\/div>\n\n\n\n<h2 style=\"text-align: center\">#RecordarEsJusticia<\/h2>\n","protected":false},"featured_media":1810,"parent":0,"menu_order":0,"template":"","caidos_cat":[3],"class_list":["post-1151","caidos","type-caidos","status-publish","has-post-thumbnail","hentry","caidos_cat-los-del-2017-2018"],"acf":[],"yoast_head":"<!-- This site is optimized with the Yoast SEO plugin v26.7 - https:\/\/yoast.com\/wordpress\/plugins\/seo\/ -->\n<title>Jos\u00e9 Fernando S\u00e1nchez S\u00e1nchez - Museo de la Memoria y la Represi\u00f3n - JEP Venezuela<\/title>\n<meta name=\"robots\" content=\"index, follow, max-snippet:-1, max-image-preview:large, max-video-preview:-1\" \/>\n<link rel=\"canonical\" href=\"https:\/\/www.jepvenezuela.com\/museo-de-la-memoria-y-la-represion\/caidos\/jose-fernando-sanchez-sanchez\/\" \/>\n<meta property=\"og:locale\" content=\"es_ES\" \/>\n<meta property=\"og:type\" content=\"article\" \/>\n<meta property=\"og:title\" content=\"Jos\u00e9 Fernando S\u00e1nchez S\u00e1nchez - Museo de la Memoria y la Represi\u00f3n - JEP Venezuela\" \/>\n<meta property=\"og:description\" content=\"Otra v\u00edctima de la pr\u00e1ctica sistem\u00e1tica violatoria de los derechos humanos en Venezuela Jos\u00e9 Fernando fue asesinado a los 24 a\u00f1os de edad de un disparo en el abdomen, el domingo 30 de julio de 2017. El hecho ocurri\u00f3 en el sector El Llano del municipio Tovar, estado M\u00e9rida. El Ministerio P\u00fablico inform\u00f3 que el [&hellip;]\" \/>\n<meta property=\"og:url\" content=\"https:\/\/www.jepvenezuela.com\/museo-de-la-memoria-y-la-represion\/caidos\/jose-fernando-sanchez-sanchez\/\" \/>\n<meta property=\"og:site_name\" content=\"Museo de la Memoria y la Represi\u00f3n - JEP Venezuela\" \/>\n<meta property=\"article:publisher\" content=\"https:\/\/www.facebook.com\/JEPVenezuela\" \/>\n<meta property=\"article:modified_time\" content=\"2021-01-05T18:06:37+00:00\" \/>\n<meta property=\"og:image\" content=\"https:\/\/www.jepvenezuela.com\/museo-de-la-memoria-y-la-represion\/wp-content\/uploads\/sites\/2\/2020\/12\/11.png\" \/>\n\t<meta property=\"og:image:width\" content=\"1920\" \/>\n\t<meta property=\"og:image:height\" content=\"1080\" \/>\n\t<meta property=\"og:image:type\" content=\"image\/png\" \/>\n<meta name=\"twitter:card\" content=\"summary_large_image\" \/>\n<meta name=\"twitter:site\" content=\"@JEPvzla\" \/>\n<script type=\"application\/ld+json\" class=\"yoast-schema-graph\">{\"@context\":\"https:\/\/schema.org\",\"@graph\":[{\"@type\":\"WebPage\",\"@id\":\"https:\/\/www.jepvenezuela.com\/museo-de-la-memoria-y-la-represion\/caidos\/jose-fernando-sanchez-sanchez\/\",\"url\":\"https:\/\/www.jepvenezuela.com\/museo-de-la-memoria-y-la-represion\/caidos\/jose-fernando-sanchez-sanchez\/\",\"name\":\"Jos\u00e9 Fernando S\u00e1nchez S\u00e1nchez - Museo de la Memoria y la Represi\u00f3n - JEP Venezuela\",\"isPartOf\":{\"@id\":\"https:\/\/www.jepvenezuela.com\/museo-de-la-memoria-y-la-represion\/#website\"},\"primaryImageOfPage\":{\"@id\":\"https:\/\/www.jepvenezuela.com\/museo-de-la-memoria-y-la-represion\/caidos\/jose-fernando-sanchez-sanchez\/#primaryimage\"},\"image\":{\"@id\":\"https:\/\/www.jepvenezuela.com\/museo-de-la-memoria-y-la-represion\/caidos\/jose-fernando-sanchez-sanchez\/#primaryimage\"},\"thumbnailUrl\":\"https:\/\/www.jepvenezuela.com\/museo-de-la-memoria-y-la-represion\/wp-content\/uploads\/sites\/2\/2020\/12\/11.png\",\"datePublished\":\"2020-12-10T10:48:30+00:00\",\"dateModified\":\"2021-01-05T18:06:37+00:00\",\"breadcrumb\":{\"@id\":\"https:\/\/www.jepvenezuela.com\/museo-de-la-memoria-y-la-represion\/caidos\/jose-fernando-sanchez-sanchez\/#breadcrumb\"},\"inLanguage\":\"es\",\"potentialAction\":[{\"@type\":\"ReadAction\",\"target\":[\"https:\/\/www.jepvenezuela.com\/museo-de-la-memoria-y-la-represion\/caidos\/jose-fernando-sanchez-sanchez\/\"]}]},{\"@type\":\"ImageObject\",\"inLanguage\":\"es\",\"@id\":\"https:\/\/www.jepvenezuela.com\/museo-de-la-memoria-y-la-represion\/caidos\/jose-fernando-sanchez-sanchez\/#primaryimage\",\"url\":\"https:\/\/www.jepvenezuela.com\/museo-de-la-memoria-y-la-represion\/wp-content\/uploads\/sites\/2\/2020\/12\/11.png\",\"contentUrl\":\"https:\/\/www.jepvenezuela.com\/museo-de-la-memoria-y-la-represion\/wp-content\/uploads\/sites\/2\/2020\/12\/11.png\",\"width\":1920,\"height\":1080},{\"@type\":\"BreadcrumbList\",\"@id\":\"https:\/\/www.jepvenezuela.com\/museo-de-la-memoria-y-la-represion\/caidos\/jose-fernando-sanchez-sanchez\/#breadcrumb\",\"itemListElement\":[{\"@type\":\"ListItem\",\"position\":1,\"name\":\"Portada\",\"item\":\"https:\/\/www.jepvenezuela.com\/museo-de-la-memoria-y-la-represion\/\"},{\"@type\":\"ListItem\",\"position\":2,\"name\":\"Ca\u00eddos\",\"item\":\"https:\/\/www.jepvenezuela.com\/museo-de-la-memoria-y-la-represion\/caidos\/\"},{\"@type\":\"ListItem\",\"position\":3,\"name\":\"Jos\u00e9 Fernando S\u00e1nchez S\u00e1nchez\"}]},{\"@type\":\"WebSite\",\"@id\":\"https:\/\/www.jepvenezuela.com\/museo-de-la-memoria-y-la-represion\/#website\",\"url\":\"https:\/\/www.jepvenezuela.com\/museo-de-la-memoria-y-la-represion\/\",\"name\":\"Museo de la Memoria y la Represi\u00f3n - JEP Venezuela\",\"description\":\"Un espacio dedicado a honrar la memoria de los venezolanos que fueron asesinados en el contexto de las manifestaciones pac\u00edficas desde el a\u00f1o 2014 hasta la actualidad\",\"potentialAction\":[{\"@type\":\"SearchAction\",\"target\":{\"@type\":\"EntryPoint\",\"urlTemplate\":\"https:\/\/www.jepvenezuela.com\/museo-de-la-memoria-y-la-represion\/?s={search_term_string}\"},\"query-input\":{\"@type\":\"PropertyValueSpecification\",\"valueRequired\":true,\"valueName\":\"search_term_string\"}}],\"inLanguage\":\"es\"}]}<\/script>\n<!-- \/ Yoast SEO plugin. -->","yoast_head_json":{"title":"Jos\u00e9 Fernando S\u00e1nchez S\u00e1nchez - Museo de la Memoria y la Represi\u00f3n - JEP Venezuela","robots":{"index":"index","follow":"follow","max-snippet":"max-snippet:-1","max-image-preview":"max-image-preview:large","max-video-preview":"max-video-preview:-1"},"canonical":"https:\/\/www.jepvenezuela.com\/museo-de-la-memoria-y-la-represion\/caidos\/jose-fernando-sanchez-sanchez\/","og_locale":"es_ES","og_type":"article","og_title":"Jos\u00e9 Fernando S\u00e1nchez S\u00e1nchez - Museo de la Memoria y la Represi\u00f3n - JEP Venezuela","og_description":"Otra v\u00edctima de la pr\u00e1ctica sistem\u00e1tica violatoria de los derechos humanos en Venezuela Jos\u00e9 Fernando fue asesinado a los 24 a\u00f1os de edad de un disparo en el abdomen, el domingo 30 de julio de 2017. El hecho ocurri\u00f3 en el sector El Llano del municipio Tovar, estado M\u00e9rida. El Ministerio P\u00fablico inform\u00f3 que el [&hellip;]","og_url":"https:\/\/www.jepvenezuela.com\/museo-de-la-memoria-y-la-represion\/caidos\/jose-fernando-sanchez-sanchez\/","og_site_name":"Museo de la Memoria y la Represi\u00f3n - JEP Venezuela","article_publisher":"https:\/\/www.facebook.com\/JEPVenezuela","article_modified_time":"2021-01-05T18:06:37+00:00","og_image":[{"width":1920,"height":1080,"url":"https:\/\/www.jepvenezuela.com\/museo-de-la-memoria-y-la-represion\/wp-content\/uploads\/sites\/2\/2020\/12\/11.png","type":"image\/png"}],"twitter_card":"summary_large_image","twitter_site":"@JEPvzla","schema":{"@context":"https:\/\/schema.org","@graph":[{"@type":"WebPage","@id":"https:\/\/www.jepvenezuela.com\/museo-de-la-memoria-y-la-represion\/caidos\/jose-fernando-sanchez-sanchez\/","url":"https:\/\/www.jepvenezuela.com\/museo-de-la-memoria-y-la-represion\/caidos\/jose-fernando-sanchez-sanchez\/","name":"Jos\u00e9 Fernando S\u00e1nchez S\u00e1nchez - Museo de la Memoria y la Represi\u00f3n - JEP Venezuela","isPartOf":{"@id":"https:\/\/www.jepvenezuela.com\/museo-de-la-memoria-y-la-represion\/#website"},"primaryImageOfPage":{"@id":"https:\/\/www.jepvenezuela.com\/museo-de-la-memoria-y-la-represion\/caidos\/jose-fernando-sanchez-sanchez\/#primaryimage"},"image":{"@id":"https:\/\/www.jepvenezuela.com\/museo-de-la-memoria-y-la-represion\/caidos\/jose-fernando-sanchez-sanchez\/#primaryimage"},"thumbnailUrl":"https:\/\/www.jepvenezuela.com\/museo-de-la-memoria-y-la-represion\/wp-content\/uploads\/sites\/2\/2020\/12\/11.png","datePublished":"2020-12-10T10:48:30+00:00","dateModified":"2021-01-05T18:06:37+00:00","breadcrumb":{"@id":"https:\/\/www.jepvenezuela.com\/museo-de-la-memoria-y-la-represion\/caidos\/jose-fernando-sanchez-sanchez\/#breadcrumb"},"inLanguage":"es","potentialAction":[{"@type":"ReadAction","target":["https:\/\/www.jepvenezuela.com\/museo-de-la-memoria-y-la-represion\/caidos\/jose-fernando-sanchez-sanchez\/"]}]},{"@type":"ImageObject","inLanguage":"es","@id":"https:\/\/www.jepvenezuela.com\/museo-de-la-memoria-y-la-represion\/caidos\/jose-fernando-sanchez-sanchez\/#primaryimage","url":"https:\/\/www.jepvenezuela.com\/museo-de-la-memoria-y-la-represion\/wp-content\/uploads\/sites\/2\/2020\/12\/11.png","contentUrl":"https:\/\/www.jepvenezuela.com\/museo-de-la-memoria-y-la-represion\/wp-content\/uploads\/sites\/2\/2020\/12\/11.png","width":1920,"height":1080},{"@type":"BreadcrumbList","@id":"https:\/\/www.jepvenezuela.com\/museo-de-la-memoria-y-la-represion\/caidos\/jose-fernando-sanchez-sanchez\/#breadcrumb","itemListElement":[{"@type":"ListItem","position":1,"name":"Portada","item":"https:\/\/www.jepvenezuela.com\/museo-de-la-memoria-y-la-represion\/"},{"@type":"ListItem","position":2,"name":"Ca\u00eddos","item":"https:\/\/www.jepvenezuela.com\/museo-de-la-memoria-y-la-represion\/caidos\/"},{"@type":"ListItem","position":3,"name":"Jos\u00e9 Fernando S\u00e1nchez S\u00e1nchez"}]},{"@type":"WebSite","@id":"https:\/\/www.jepvenezuela.com\/museo-de-la-memoria-y-la-represion\/#website","url":"https:\/\/www.jepvenezuela.com\/museo-de-la-memoria-y-la-represion\/","name":"Museo de la Memoria y la Represi\u00f3n - JEP Venezuela","description":"Un espacio dedicado a honrar la memoria de los venezolanos que fueron asesinados en el contexto de las manifestaciones pac\u00edficas desde el a\u00f1o 2014 hasta la actualidad","potentialAction":[{"@type":"SearchAction","target":{"@type":"EntryPoint","urlTemplate":"https:\/\/www.jepvenezuela.com\/museo-de-la-memoria-y-la-represion\/?s={search_term_string}"},"query-input":{"@type":"PropertyValueSpecification","valueRequired":true,"valueName":"search_term_string"}}],"inLanguage":"es"}]}},"_links":{"self":[{"href":"https:\/\/www.jepvenezuela.com\/museo-de-la-memoria-y-la-represion\/wp-json\/wp\/v2\/caidos\/1151","targetHints":{"allow":["GET"]}}],"collection":[{"href":"https:\/\/www.jepvenezuela.com\/museo-de-la-memoria-y-la-represion\/wp-json\/wp\/v2\/caidos"}],"about":[{"href":"https:\/\/www.jepvenezuela.com\/museo-de-la-memoria-y-la-represion\/wp-json\/wp\/v2\/types\/caidos"}],"wp:featuredmedia":[{"embeddable":true,"href":"https:\/\/www.jepvenezuela.com\/museo-de-la-memoria-y-la-represion\/wp-json\/wp\/v2\/media\/1810"}],"wp:attachment":[{"href":"https:\/\/www.jepvenezuela.com\/museo-de-la-memoria-y-la-represion\/wp-json\/wp\/v2\/media?parent=1151"}],"wp:term":[{"taxonomy":"caidos_cat","embeddable":true,"href":"https:\/\/www.jepvenezuela.com\/museo-de-la-memoria-y-la-represion\/wp-json\/wp\/v2\/caidos_cat?post=1151"}],"curies":[{"name":"wp","href":"https:\/\/api.w.org\/{rel}","templated":true}]}}