{"id":1232,"date":"2020-12-10T11:55:03","date_gmt":"2020-12-10T11:55:03","guid":{"rendered":"https:\/\/test.jepvenezuela.com\/museo-de-la-memoria-y-la-represion\/?post_type=caidos&#038;p=1232"},"modified":"2023-06-19T19:58:30","modified_gmt":"2023-06-19T19:58:30","slug":"rodolfo-pedro-gonzalez","status":"publish","type":"caidos","link":"https:\/\/www.jepvenezuela.com\/museo-de-la-memoria-y-la-represion\/caidos\/rodolfo-pedro-gonzalez\/","title":{"rendered":"Rodolfo Pedro Gonz\u00e1lez"},"content":{"rendered":"\n<div style=\"height:100px\" aria-hidden=\"true\" class=\"wp-block-spacer\"><\/div>\n\n\n\n<h2><strong>V\u00edctima del patr\u00f3n de persecuci\u00f3n a la disidencia, muri\u00f3 el 12 de marzo de 2015.\u00a0<\/strong><\/h2>\n<p><strong>\u00a0<\/strong><\/p>\n<p><strong>Edad: <\/strong>64 a\u00f1os.<\/p>\n<p><strong><br \/>Profesi\u00f3n y\/o Oficio:<\/strong> Piloto de la aviaci\u00f3n\u00a0<br \/><br \/><\/p>\n<p><strong>Responsable:<\/strong> Muri\u00f3 bajo la custodia del Estado. <br \/><br \/><\/p>\n<p><strong>Estado:<\/strong> Distrito Capital.\u00a0<\/p>\n<p><br \/><strong>Rese\u00f1a del caso<\/strong><strong>:<\/strong> El 26 de abril de 2014, tras un allanamiento realizado por el SEBIN, Rodolfo Gonz\u00e1lez, de 64 a\u00f1os fue detenido y le fueron imputados los delitos de asociaci\u00f3n para delinquir, tenencia de explosivos y tr\u00e1fico de armas de fuego. Fue recluido en la sede del Servicio Bolivariano de Inteligencia (SEBIN), ubicada en El Helicoide, al oeste de la ciudad de Caracas. Su familia y abogados denunciaron que fue v\u00edctima de torturas y tratos crueles e inhumanos durante su tiempo en prisi\u00f3n. El 12 de marzo de 2015, a las 11:00pm, fue encontrado muerto en su celda; su abogado, inform\u00f3 que se ahorc\u00f3 tras ser informado que ser\u00eda trasladado a Yare, una c\u00e1rcel com\u00fan. En el acta de defunci\u00f3n se indic\u00f3 que la causa de su fallecimiento fue por estrangulamiento y asfixia. Fue el primer preso pol\u00edtico fallecido bajo la custodia del Estado. Testigos en prisi\u00f3n relatan que fue sacado de su celda \u2013 a\u00fan con vida \u2013 y fue puesto agonizante delante de otros detenidos sin prestarse atenci\u00f3n m\u00e9dica, hasta que, frente a todos, falleci\u00f3.<\/p>\n<p><strong>Estatus Judicial:<\/strong> Proceso de Investigaci\u00f3n por el Ministerio P\u00fablico.<\/p>\n<p>\u00a0<\/p>\n\n\n\n<div style=\"height:100px\" aria-hidden=\"true\" class=\"wp-block-spacer\"><\/div>\n\n\n\n<h2><strong>En democracia no puede existir persecuci\u00f3n pol\u00edtica; es contradictorio con el goce y ejercicio de las libertades fundamentales<\/strong><\/h2>\n\n\n\n<div style=\"height:100px\" aria-hidden=\"true\" class=\"wp-block-spacer\"><\/div>\n\n\n\n<hr class=\"wp-block-separator has-text-color has-white-color has-css-opacity has-white-background-color has-background\" \/>\n\n\n\n<div style=\"height:100px\" aria-hidden=\"true\" class=\"wp-block-spacer\"><\/div>\n\n\n\n<h2 style=\"text-align: center\">#RecordarEsJusticia<\/h2>\n","protected":false},"featured_media":1995,"parent":0,"menu_order":0,"template":"","caidos_cat":[6],"class_list":["post-1232","caidos","type-caidos","status-publish","has-post-thumbnail","hentry","caidos_cat-las-victimas-de-la-persecucion"],"acf":[],"yoast_head":"<!-- This site is optimized with the Yoast SEO plugin v26.7 - https:\/\/yoast.com\/wordpress\/plugins\/seo\/ -->\n<title>Rodolfo Pedro Gonz\u00e1lez - Museo de la Memoria y la Represi\u00f3n - JEP Venezuela<\/title>\n<meta name=\"robots\" content=\"index, follow, max-snippet:-1, max-image-preview:large, max-video-preview:-1\" \/>\n<link rel=\"canonical\" href=\"https:\/\/www.jepvenezuela.com\/museo-de-la-memoria-y-la-represion\/caidos\/rodolfo-pedro-gonzalez\/\" \/>\n<meta property=\"og:locale\" content=\"es_ES\" \/>\n<meta property=\"og:type\" content=\"article\" \/>\n<meta property=\"og:title\" content=\"Rodolfo Pedro Gonz\u00e1lez - Museo de la Memoria y la Represi\u00f3n - JEP Venezuela\" \/>\n<meta property=\"og:description\" content=\"V\u00edctima del patr\u00f3n de persecuci\u00f3n a la disidencia, muri\u00f3 el 12 de marzo de 2015.\u00a0 \u00a0 Edad: 64 a\u00f1os. Profesi\u00f3n y\/o Oficio: Piloto de la aviaci\u00f3n\u00a0 Responsable: Muri\u00f3 bajo la custodia del Estado. Estado: Distrito Capital.\u00a0 Rese\u00f1a del caso: El 26 de abril de 2014, tras un allanamiento realizado por el SEBIN, Rodolfo Gonz\u00e1lez, de [&hellip;]\" \/>\n<meta property=\"og:url\" content=\"https:\/\/www.jepvenezuela.com\/museo-de-la-memoria-y-la-represion\/caidos\/rodolfo-pedro-gonzalez\/\" \/>\n<meta property=\"og:site_name\" content=\"Museo de la Memoria y la Represi\u00f3n - JEP Venezuela\" \/>\n<meta property=\"article:publisher\" content=\"https:\/\/www.facebook.com\/JEPVenezuela\" \/>\n<meta property=\"article:modified_time\" content=\"2023-06-19T19:58:30+00:00\" \/>\n<meta property=\"og:image\" content=\"https:\/\/www.jepvenezuela.com\/museo-de-la-memoria-y-la-represion\/wp-content\/uploads\/sites\/2\/2021\/01\/rodolfo-gonzalez.jpg\" \/>\n\t<meta property=\"og:image:width\" content=\"1920\" \/>\n\t<meta property=\"og:image:height\" content=\"1080\" \/>\n\t<meta property=\"og:image:type\" content=\"image\/jpeg\" \/>\n<meta name=\"twitter:card\" content=\"summary_large_image\" \/>\n<meta name=\"twitter:site\" content=\"@JEPvzla\" \/>\n<meta name=\"twitter:label1\" content=\"Tiempo de lectura\" \/>\n\t<meta name=\"twitter:data1\" content=\"2 minutos\" \/>\n<script type=\"application\/ld+json\" class=\"yoast-schema-graph\">{\"@context\":\"https:\/\/schema.org\",\"@graph\":[{\"@type\":\"WebPage\",\"@id\":\"https:\/\/www.jepvenezuela.com\/museo-de-la-memoria-y-la-represion\/caidos\/rodolfo-pedro-gonzalez\/\",\"url\":\"https:\/\/www.jepvenezuela.com\/museo-de-la-memoria-y-la-represion\/caidos\/rodolfo-pedro-gonzalez\/\",\"name\":\"Rodolfo Pedro Gonz\u00e1lez - Museo de la Memoria y la Represi\u00f3n - JEP Venezuela\",\"isPartOf\":{\"@id\":\"https:\/\/www.jepvenezuela.com\/museo-de-la-memoria-y-la-represion\/#website\"},\"primaryImageOfPage\":{\"@id\":\"https:\/\/www.jepvenezuela.com\/museo-de-la-memoria-y-la-represion\/caidos\/rodolfo-pedro-gonzalez\/#primaryimage\"},\"image\":{\"@id\":\"https:\/\/www.jepvenezuela.com\/museo-de-la-memoria-y-la-represion\/caidos\/rodolfo-pedro-gonzalez\/#primaryimage\"},\"thumbnailUrl\":\"https:\/\/www.jepvenezuela.com\/museo-de-la-memoria-y-la-represion\/wp-content\/uploads\/sites\/2\/2021\/01\/rodolfo-gonzalez.jpg\",\"datePublished\":\"2020-12-10T11:55:03+00:00\",\"dateModified\":\"2023-06-19T19:58:30+00:00\",\"breadcrumb\":{\"@id\":\"https:\/\/www.jepvenezuela.com\/museo-de-la-memoria-y-la-represion\/caidos\/rodolfo-pedro-gonzalez\/#breadcrumb\"},\"inLanguage\":\"es\",\"potentialAction\":[{\"@type\":\"ReadAction\",\"target\":[\"https:\/\/www.jepvenezuela.com\/museo-de-la-memoria-y-la-represion\/caidos\/rodolfo-pedro-gonzalez\/\"]}]},{\"@type\":\"ImageObject\",\"inLanguage\":\"es\",\"@id\":\"https:\/\/www.jepvenezuela.com\/museo-de-la-memoria-y-la-represion\/caidos\/rodolfo-pedro-gonzalez\/#primaryimage\",\"url\":\"https:\/\/www.jepvenezuela.com\/museo-de-la-memoria-y-la-represion\/wp-content\/uploads\/sites\/2\/2021\/01\/rodolfo-gonzalez.jpg\",\"contentUrl\":\"https:\/\/www.jepvenezuela.com\/museo-de-la-memoria-y-la-represion\/wp-content\/uploads\/sites\/2\/2021\/01\/rodolfo-gonzalez.jpg\",\"width\":1920,\"height\":1080},{\"@type\":\"BreadcrumbList\",\"@id\":\"https:\/\/www.jepvenezuela.com\/museo-de-la-memoria-y-la-represion\/caidos\/rodolfo-pedro-gonzalez\/#breadcrumb\",\"itemListElement\":[{\"@type\":\"ListItem\",\"position\":1,\"name\":\"Portada\",\"item\":\"https:\/\/www.jepvenezuela.com\/museo-de-la-memoria-y-la-represion\/\"},{\"@type\":\"ListItem\",\"position\":2,\"name\":\"Ca\u00eddos\",\"item\":\"https:\/\/www.jepvenezuela.com\/museo-de-la-memoria-y-la-represion\/caidos\/\"},{\"@type\":\"ListItem\",\"position\":3,\"name\":\"Rodolfo Pedro Gonz\u00e1lez\"}]},{\"@type\":\"WebSite\",\"@id\":\"https:\/\/www.jepvenezuela.com\/museo-de-la-memoria-y-la-represion\/#website\",\"url\":\"https:\/\/www.jepvenezuela.com\/museo-de-la-memoria-y-la-represion\/\",\"name\":\"Museo de la Memoria y la Represi\u00f3n - JEP Venezuela\",\"description\":\"Un espacio dedicado a honrar la memoria de los venezolanos que fueron asesinados en el contexto de las manifestaciones pac\u00edficas desde el a\u00f1o 2014 hasta la actualidad\",\"potentialAction\":[{\"@type\":\"SearchAction\",\"target\":{\"@type\":\"EntryPoint\",\"urlTemplate\":\"https:\/\/www.jepvenezuela.com\/museo-de-la-memoria-y-la-represion\/?s={search_term_string}\"},\"query-input\":{\"@type\":\"PropertyValueSpecification\",\"valueRequired\":true,\"valueName\":\"search_term_string\"}}],\"inLanguage\":\"es\"}]}<\/script>\n<!-- \/ Yoast SEO plugin. -->","yoast_head_json":{"title":"Rodolfo Pedro Gonz\u00e1lez - Museo de la Memoria y la Represi\u00f3n - JEP Venezuela","robots":{"index":"index","follow":"follow","max-snippet":"max-snippet:-1","max-image-preview":"max-image-preview:large","max-video-preview":"max-video-preview:-1"},"canonical":"https:\/\/www.jepvenezuela.com\/museo-de-la-memoria-y-la-represion\/caidos\/rodolfo-pedro-gonzalez\/","og_locale":"es_ES","og_type":"article","og_title":"Rodolfo Pedro Gonz\u00e1lez - Museo de la Memoria y la Represi\u00f3n - JEP Venezuela","og_description":"V\u00edctima del patr\u00f3n de persecuci\u00f3n a la disidencia, muri\u00f3 el 12 de marzo de 2015.\u00a0 \u00a0 Edad: 64 a\u00f1os. Profesi\u00f3n y\/o Oficio: Piloto de la aviaci\u00f3n\u00a0 Responsable: Muri\u00f3 bajo la custodia del Estado. Estado: Distrito Capital.\u00a0 Rese\u00f1a del caso: El 26 de abril de 2014, tras un allanamiento realizado por el SEBIN, Rodolfo Gonz\u00e1lez, de [&hellip;]","og_url":"https:\/\/www.jepvenezuela.com\/museo-de-la-memoria-y-la-represion\/caidos\/rodolfo-pedro-gonzalez\/","og_site_name":"Museo de la Memoria y la Represi\u00f3n - JEP Venezuela","article_publisher":"https:\/\/www.facebook.com\/JEPVenezuela","article_modified_time":"2023-06-19T19:58:30+00:00","og_image":[{"width":1920,"height":1080,"url":"https:\/\/www.jepvenezuela.com\/museo-de-la-memoria-y-la-represion\/wp-content\/uploads\/sites\/2\/2021\/01\/rodolfo-gonzalez.jpg","type":"image\/jpeg"}],"twitter_card":"summary_large_image","twitter_site":"@JEPvzla","twitter_misc":{"Tiempo de lectura":"2 minutos"},"schema":{"@context":"https:\/\/schema.org","@graph":[{"@type":"WebPage","@id":"https:\/\/www.jepvenezuela.com\/museo-de-la-memoria-y-la-represion\/caidos\/rodolfo-pedro-gonzalez\/","url":"https:\/\/www.jepvenezuela.com\/museo-de-la-memoria-y-la-represion\/caidos\/rodolfo-pedro-gonzalez\/","name":"Rodolfo Pedro Gonz\u00e1lez - Museo de la Memoria y la Represi\u00f3n - JEP Venezuela","isPartOf":{"@id":"https:\/\/www.jepvenezuela.com\/museo-de-la-memoria-y-la-represion\/#website"},"primaryImageOfPage":{"@id":"https:\/\/www.jepvenezuela.com\/museo-de-la-memoria-y-la-represion\/caidos\/rodolfo-pedro-gonzalez\/#primaryimage"},"image":{"@id":"https:\/\/www.jepvenezuela.com\/museo-de-la-memoria-y-la-represion\/caidos\/rodolfo-pedro-gonzalez\/#primaryimage"},"thumbnailUrl":"https:\/\/www.jepvenezuela.com\/museo-de-la-memoria-y-la-represion\/wp-content\/uploads\/sites\/2\/2021\/01\/rodolfo-gonzalez.jpg","datePublished":"2020-12-10T11:55:03+00:00","dateModified":"2023-06-19T19:58:30+00:00","breadcrumb":{"@id":"https:\/\/www.jepvenezuela.com\/museo-de-la-memoria-y-la-represion\/caidos\/rodolfo-pedro-gonzalez\/#breadcrumb"},"inLanguage":"es","potentialAction":[{"@type":"ReadAction","target":["https:\/\/www.jepvenezuela.com\/museo-de-la-memoria-y-la-represion\/caidos\/rodolfo-pedro-gonzalez\/"]}]},{"@type":"ImageObject","inLanguage":"es","@id":"https:\/\/www.jepvenezuela.com\/museo-de-la-memoria-y-la-represion\/caidos\/rodolfo-pedro-gonzalez\/#primaryimage","url":"https:\/\/www.jepvenezuela.com\/museo-de-la-memoria-y-la-represion\/wp-content\/uploads\/sites\/2\/2021\/01\/rodolfo-gonzalez.jpg","contentUrl":"https:\/\/www.jepvenezuela.com\/museo-de-la-memoria-y-la-represion\/wp-content\/uploads\/sites\/2\/2021\/01\/rodolfo-gonzalez.jpg","width":1920,"height":1080},{"@type":"BreadcrumbList","@id":"https:\/\/www.jepvenezuela.com\/museo-de-la-memoria-y-la-represion\/caidos\/rodolfo-pedro-gonzalez\/#breadcrumb","itemListElement":[{"@type":"ListItem","position":1,"name":"Portada","item":"https:\/\/www.jepvenezuela.com\/museo-de-la-memoria-y-la-represion\/"},{"@type":"ListItem","position":2,"name":"Ca\u00eddos","item":"https:\/\/www.jepvenezuela.com\/museo-de-la-memoria-y-la-represion\/caidos\/"},{"@type":"ListItem","position":3,"name":"Rodolfo Pedro Gonz\u00e1lez"}]},{"@type":"WebSite","@id":"https:\/\/www.jepvenezuela.com\/museo-de-la-memoria-y-la-represion\/#website","url":"https:\/\/www.jepvenezuela.com\/museo-de-la-memoria-y-la-represion\/","name":"Museo de la Memoria y la Represi\u00f3n - JEP Venezuela","description":"Un espacio dedicado a honrar la memoria de los venezolanos que fueron asesinados en el contexto de las manifestaciones pac\u00edficas desde el a\u00f1o 2014 hasta la actualidad","potentialAction":[{"@type":"SearchAction","target":{"@type":"EntryPoint","urlTemplate":"https:\/\/www.jepvenezuela.com\/museo-de-la-memoria-y-la-represion\/?s={search_term_string}"},"query-input":{"@type":"PropertyValueSpecification","valueRequired":true,"valueName":"search_term_string"}}],"inLanguage":"es"}]}},"_links":{"self":[{"href":"https:\/\/www.jepvenezuela.com\/museo-de-la-memoria-y-la-represion\/wp-json\/wp\/v2\/caidos\/1232","targetHints":{"allow":["GET"]}}],"collection":[{"href":"https:\/\/www.jepvenezuela.com\/museo-de-la-memoria-y-la-represion\/wp-json\/wp\/v2\/caidos"}],"about":[{"href":"https:\/\/www.jepvenezuela.com\/museo-de-la-memoria-y-la-represion\/wp-json\/wp\/v2\/types\/caidos"}],"wp:featuredmedia":[{"embeddable":true,"href":"https:\/\/www.jepvenezuela.com\/museo-de-la-memoria-y-la-represion\/wp-json\/wp\/v2\/media\/1995"}],"wp:attachment":[{"href":"https:\/\/www.jepvenezuela.com\/museo-de-la-memoria-y-la-represion\/wp-json\/wp\/v2\/media?parent=1232"}],"wp:term":[{"taxonomy":"caidos_cat","embeddable":true,"href":"https:\/\/www.jepvenezuela.com\/museo-de-la-memoria-y-la-represion\/wp-json\/wp\/v2\/caidos_cat?post=1232"}],"curies":[{"name":"wp","href":"https:\/\/api.w.org\/{rel}","templated":true}]}}