{"id":1247,"date":"2020-12-10T12:16:12","date_gmt":"2020-12-10T12:16:12","guid":{"rendered":"https:\/\/test.jepvenezuela.com\/museo-de-la-memoria-y-la-represion\/?post_type=caidos&#038;p=1247"},"modified":"2022-03-01T02:24:24","modified_gmt":"2022-03-01T02:24:24","slug":"rafael-acosta-arevalo","status":"publish","type":"caidos","link":"https:\/\/www.jepvenezuela.com\/museo-de-la-memoria-y-la-represion\/caidos\/rafael-acosta-arevalo\/","title":{"rendered":"Rafael Acosta Ar\u00e9valo"},"content":{"rendered":"\n<div style=\"height:63px\" aria-hidden=\"true\" class=\"wp-block-spacer\"><\/div>\n\n\n\n<h2>V\u00edctima de persecuci\u00f3n, muri\u00f3 el 17 de septiembre de 2017. \u00a0<\/h2>\n<p><strong>\u00a0<\/strong><\/p>\n<p><strong>Edad:<\/strong> 50 a\u00f1os.<\/p>\n<p><strong><br \/>Profesi\u00f3n y\/o Oficio:<\/strong> Capit\u00e1n de Corberta.<br \/><br \/><\/p>\n<p><strong>Responsable:<\/strong> Muri\u00f3 bajo la custodia del Estado. <br \/><br \/><\/p>\n<p><strong>Estado:<\/strong> Miranda.\u00a0<\/p>\n<p><br \/><strong>Rese\u00f1a del caso<\/strong><strong>:<\/strong>\u00a0 El 22 de junio de 2019, la esposa de Acosta Ar\u00e9valo denunci\u00f3 su desaparici\u00f3n y declar\u00f3 que hab\u00eda hablado con \u00e9l por \u00faltima vez a las 2:00 p.m. del d\u00eda anterior, mientras se encontraba en una reuni\u00f3n personal, fue v\u00edctima de una desaparici\u00f3n forzosa despu\u00e9s de ser acusado por el gobierno de Nicol\u00e1s Maduro de conspirar para llevar a cabo un intento de golpe de Estado, sufri\u00f3 torturas durante su detenci\u00f3n en los calabozos de la Direcci\u00f3n General de Contrainteligencia Militar, falleci\u00f3 el 28 de junio del 2019 a causa de un \u201cedema cerebral severo debido a insuficiencia respiratoria aguda debido a trombo embolismo pulmonar debido a rabdomi\u00f3lisis por politraumatismo generalizado\u201d.<\/p>\n<p><strong>Estatus Judicial:<\/strong> Condenados a 30 a\u00f1os de prisi\u00f3n Ascanio Antonio Tarascio Mej\u00eda y Sargento Segundo Estiben Jos\u00e9 Z\u00e1rate Zoto. No hay ning\u00fan avance en la investigaci\u00f3n de la cadena de mando.<\/p>\n<p>\u00a0<\/p>\n\n\n\n<div style=\"height:100px\" aria-hidden=\"true\" class=\"wp-block-spacer\"><\/div>\n\n\n\n<h2>La persecuci\u00f3n pol\u00edtica es la consecuencia directa de la discriminaci\u00f3n que sufren todas las personas que tiene el valor de disentir del poder pol\u00edtico autoritario<\/h2>\n\n\n\n<div style=\"height:100px\" aria-hidden=\"true\" class=\"wp-block-spacer\"><\/div>\n\n\n\n<hr class=\"wp-block-separator has-text-color has-background has-white-background-color has-white-color\" \/>\n\n\n\n<div style=\"height:100px\" aria-hidden=\"true\" class=\"wp-block-spacer\"><\/div>\n\n\n\n<h2 style=\"text-align: center\" align=\"center\">#RecordarEsJusticia<\/h2>\n","protected":false},"featured_media":1249,"parent":0,"menu_order":0,"template":"","caidos_cat":[6],"class_list":["post-1247","caidos","type-caidos","status-publish","has-post-thumbnail","hentry","caidos_cat-las-victimas-de-la-persecucion"],"acf":[],"yoast_head":"<!-- This site is optimized with the Yoast SEO plugin v26.7 - https:\/\/yoast.com\/wordpress\/plugins\/seo\/ -->\n<title>Rafael Acosta Ar\u00e9valo - Museo de la Memoria y la Represi\u00f3n - JEP Venezuela<\/title>\n<meta name=\"robots\" content=\"index, follow, max-snippet:-1, max-image-preview:large, max-video-preview:-1\" \/>\n<link rel=\"canonical\" href=\"https:\/\/www.jepvenezuela.com\/museo-de-la-memoria-y-la-represion\/caidos\/rafael-acosta-arevalo\/\" \/>\n<meta property=\"og:locale\" content=\"es_ES\" \/>\n<meta property=\"og:type\" content=\"article\" \/>\n<meta property=\"og:title\" content=\"Rafael Acosta Ar\u00e9valo - Museo de la Memoria y la Represi\u00f3n - JEP Venezuela\" \/>\n<meta property=\"og:description\" content=\"V\u00edctima de persecuci\u00f3n, muri\u00f3 el 17 de septiembre de 2017. \u00a0 \u00a0 Edad: 50 a\u00f1os. Profesi\u00f3n y\/o Oficio: Capit\u00e1n de Corberta. Responsable: Muri\u00f3 bajo la custodia del Estado. Estado: Miranda.\u00a0 Rese\u00f1a del caso:\u00a0 El 22 de junio de 2019, la esposa de Acosta Ar\u00e9valo denunci\u00f3 su desaparici\u00f3n y declar\u00f3 que hab\u00eda hablado con \u00e9l por [&hellip;]\" \/>\n<meta property=\"og:url\" content=\"https:\/\/www.jepvenezuela.com\/museo-de-la-memoria-y-la-represion\/caidos\/rafael-acosta-arevalo\/\" \/>\n<meta property=\"og:site_name\" content=\"Museo de la Memoria y la Represi\u00f3n - JEP Venezuela\" \/>\n<meta property=\"article:publisher\" content=\"https:\/\/www.facebook.com\/JEPVenezuela\" \/>\n<meta property=\"article:modified_time\" content=\"2022-03-01T02:24:24+00:00\" \/>\n<meta property=\"og:image\" content=\"https:\/\/www.jepvenezuela.com\/museo-de-la-memoria-y-la-represion\/wp-content\/uploads\/sites\/2\/2020\/12\/imagenes-museo-91.jpg\" \/>\n\t<meta property=\"og:image:width\" content=\"1920\" \/>\n\t<meta property=\"og:image:height\" content=\"1080\" \/>\n\t<meta property=\"og:image:type\" content=\"image\/jpeg\" \/>\n<meta name=\"twitter:card\" content=\"summary_large_image\" \/>\n<meta name=\"twitter:site\" content=\"@JEPvzla\" \/>\n<meta name=\"twitter:label1\" content=\"Tiempo de lectura\" \/>\n\t<meta name=\"twitter:data1\" content=\"1 minuto\" \/>\n<script type=\"application\/ld+json\" class=\"yoast-schema-graph\">{\"@context\":\"https:\/\/schema.org\",\"@graph\":[{\"@type\":\"WebPage\",\"@id\":\"https:\/\/www.jepvenezuela.com\/museo-de-la-memoria-y-la-represion\/caidos\/rafael-acosta-arevalo\/\",\"url\":\"https:\/\/www.jepvenezuela.com\/museo-de-la-memoria-y-la-represion\/caidos\/rafael-acosta-arevalo\/\",\"name\":\"Rafael Acosta Ar\u00e9valo - Museo de la Memoria y la Represi\u00f3n - JEP Venezuela\",\"isPartOf\":{\"@id\":\"https:\/\/www.jepvenezuela.com\/museo-de-la-memoria-y-la-represion\/#website\"},\"primaryImageOfPage\":{\"@id\":\"https:\/\/www.jepvenezuela.com\/museo-de-la-memoria-y-la-represion\/caidos\/rafael-acosta-arevalo\/#primaryimage\"},\"image\":{\"@id\":\"https:\/\/www.jepvenezuela.com\/museo-de-la-memoria-y-la-represion\/caidos\/rafael-acosta-arevalo\/#primaryimage\"},\"thumbnailUrl\":\"https:\/\/www.jepvenezuela.com\/museo-de-la-memoria-y-la-represion\/wp-content\/uploads\/sites\/2\/2020\/12\/imagenes-museo-91.jpg\",\"datePublished\":\"2020-12-10T12:16:12+00:00\",\"dateModified\":\"2022-03-01T02:24:24+00:00\",\"breadcrumb\":{\"@id\":\"https:\/\/www.jepvenezuela.com\/museo-de-la-memoria-y-la-represion\/caidos\/rafael-acosta-arevalo\/#breadcrumb\"},\"inLanguage\":\"es\",\"potentialAction\":[{\"@type\":\"ReadAction\",\"target\":[\"https:\/\/www.jepvenezuela.com\/museo-de-la-memoria-y-la-represion\/caidos\/rafael-acosta-arevalo\/\"]}]},{\"@type\":\"ImageObject\",\"inLanguage\":\"es\",\"@id\":\"https:\/\/www.jepvenezuela.com\/museo-de-la-memoria-y-la-represion\/caidos\/rafael-acosta-arevalo\/#primaryimage\",\"url\":\"https:\/\/www.jepvenezuela.com\/museo-de-la-memoria-y-la-represion\/wp-content\/uploads\/sites\/2\/2020\/12\/imagenes-museo-91.jpg\",\"contentUrl\":\"https:\/\/www.jepvenezuela.com\/museo-de-la-memoria-y-la-represion\/wp-content\/uploads\/sites\/2\/2020\/12\/imagenes-museo-91.jpg\",\"width\":1920,\"height\":1080},{\"@type\":\"BreadcrumbList\",\"@id\":\"https:\/\/www.jepvenezuela.com\/museo-de-la-memoria-y-la-represion\/caidos\/rafael-acosta-arevalo\/#breadcrumb\",\"itemListElement\":[{\"@type\":\"ListItem\",\"position\":1,\"name\":\"Portada\",\"item\":\"https:\/\/www.jepvenezuela.com\/museo-de-la-memoria-y-la-represion\/\"},{\"@type\":\"ListItem\",\"position\":2,\"name\":\"Ca\u00eddos\",\"item\":\"https:\/\/www.jepvenezuela.com\/museo-de-la-memoria-y-la-represion\/caidos\/\"},{\"@type\":\"ListItem\",\"position\":3,\"name\":\"Rafael Acosta Ar\u00e9valo\"}]},{\"@type\":\"WebSite\",\"@id\":\"https:\/\/www.jepvenezuela.com\/museo-de-la-memoria-y-la-represion\/#website\",\"url\":\"https:\/\/www.jepvenezuela.com\/museo-de-la-memoria-y-la-represion\/\",\"name\":\"Museo de la Memoria y la Represi\u00f3n - JEP Venezuela\",\"description\":\"Un espacio dedicado a honrar la memoria de los venezolanos que fueron asesinados en el contexto de las manifestaciones pac\u00edficas desde el a\u00f1o 2014 hasta la actualidad\",\"potentialAction\":[{\"@type\":\"SearchAction\",\"target\":{\"@type\":\"EntryPoint\",\"urlTemplate\":\"https:\/\/www.jepvenezuela.com\/museo-de-la-memoria-y-la-represion\/?s={search_term_string}\"},\"query-input\":{\"@type\":\"PropertyValueSpecification\",\"valueRequired\":true,\"valueName\":\"search_term_string\"}}],\"inLanguage\":\"es\"}]}<\/script>\n<!-- \/ Yoast SEO plugin. -->","yoast_head_json":{"title":"Rafael Acosta Ar\u00e9valo - Museo de la Memoria y la Represi\u00f3n - JEP Venezuela","robots":{"index":"index","follow":"follow","max-snippet":"max-snippet:-1","max-image-preview":"max-image-preview:large","max-video-preview":"max-video-preview:-1"},"canonical":"https:\/\/www.jepvenezuela.com\/museo-de-la-memoria-y-la-represion\/caidos\/rafael-acosta-arevalo\/","og_locale":"es_ES","og_type":"article","og_title":"Rafael Acosta Ar\u00e9valo - Museo de la Memoria y la Represi\u00f3n - JEP Venezuela","og_description":"V\u00edctima de persecuci\u00f3n, muri\u00f3 el 17 de septiembre de 2017. \u00a0 \u00a0 Edad: 50 a\u00f1os. Profesi\u00f3n y\/o Oficio: Capit\u00e1n de Corberta. Responsable: Muri\u00f3 bajo la custodia del Estado. Estado: Miranda.\u00a0 Rese\u00f1a del caso:\u00a0 El 22 de junio de 2019, la esposa de Acosta Ar\u00e9valo denunci\u00f3 su desaparici\u00f3n y declar\u00f3 que hab\u00eda hablado con \u00e9l por [&hellip;]","og_url":"https:\/\/www.jepvenezuela.com\/museo-de-la-memoria-y-la-represion\/caidos\/rafael-acosta-arevalo\/","og_site_name":"Museo de la Memoria y la Represi\u00f3n - JEP Venezuela","article_publisher":"https:\/\/www.facebook.com\/JEPVenezuela","article_modified_time":"2022-03-01T02:24:24+00:00","og_image":[{"width":1920,"height":1080,"url":"https:\/\/www.jepvenezuela.com\/museo-de-la-memoria-y-la-represion\/wp-content\/uploads\/sites\/2\/2020\/12\/imagenes-museo-91.jpg","type":"image\/jpeg"}],"twitter_card":"summary_large_image","twitter_site":"@JEPvzla","twitter_misc":{"Tiempo de lectura":"1 minuto"},"schema":{"@context":"https:\/\/schema.org","@graph":[{"@type":"WebPage","@id":"https:\/\/www.jepvenezuela.com\/museo-de-la-memoria-y-la-represion\/caidos\/rafael-acosta-arevalo\/","url":"https:\/\/www.jepvenezuela.com\/museo-de-la-memoria-y-la-represion\/caidos\/rafael-acosta-arevalo\/","name":"Rafael Acosta Ar\u00e9valo - Museo de la Memoria y la Represi\u00f3n - JEP Venezuela","isPartOf":{"@id":"https:\/\/www.jepvenezuela.com\/museo-de-la-memoria-y-la-represion\/#website"},"primaryImageOfPage":{"@id":"https:\/\/www.jepvenezuela.com\/museo-de-la-memoria-y-la-represion\/caidos\/rafael-acosta-arevalo\/#primaryimage"},"image":{"@id":"https:\/\/www.jepvenezuela.com\/museo-de-la-memoria-y-la-represion\/caidos\/rafael-acosta-arevalo\/#primaryimage"},"thumbnailUrl":"https:\/\/www.jepvenezuela.com\/museo-de-la-memoria-y-la-represion\/wp-content\/uploads\/sites\/2\/2020\/12\/imagenes-museo-91.jpg","datePublished":"2020-12-10T12:16:12+00:00","dateModified":"2022-03-01T02:24:24+00:00","breadcrumb":{"@id":"https:\/\/www.jepvenezuela.com\/museo-de-la-memoria-y-la-represion\/caidos\/rafael-acosta-arevalo\/#breadcrumb"},"inLanguage":"es","potentialAction":[{"@type":"ReadAction","target":["https:\/\/www.jepvenezuela.com\/museo-de-la-memoria-y-la-represion\/caidos\/rafael-acosta-arevalo\/"]}]},{"@type":"ImageObject","inLanguage":"es","@id":"https:\/\/www.jepvenezuela.com\/museo-de-la-memoria-y-la-represion\/caidos\/rafael-acosta-arevalo\/#primaryimage","url":"https:\/\/www.jepvenezuela.com\/museo-de-la-memoria-y-la-represion\/wp-content\/uploads\/sites\/2\/2020\/12\/imagenes-museo-91.jpg","contentUrl":"https:\/\/www.jepvenezuela.com\/museo-de-la-memoria-y-la-represion\/wp-content\/uploads\/sites\/2\/2020\/12\/imagenes-museo-91.jpg","width":1920,"height":1080},{"@type":"BreadcrumbList","@id":"https:\/\/www.jepvenezuela.com\/museo-de-la-memoria-y-la-represion\/caidos\/rafael-acosta-arevalo\/#breadcrumb","itemListElement":[{"@type":"ListItem","position":1,"name":"Portada","item":"https:\/\/www.jepvenezuela.com\/museo-de-la-memoria-y-la-represion\/"},{"@type":"ListItem","position":2,"name":"Ca\u00eddos","item":"https:\/\/www.jepvenezuela.com\/museo-de-la-memoria-y-la-represion\/caidos\/"},{"@type":"ListItem","position":3,"name":"Rafael Acosta Ar\u00e9valo"}]},{"@type":"WebSite","@id":"https:\/\/www.jepvenezuela.com\/museo-de-la-memoria-y-la-represion\/#website","url":"https:\/\/www.jepvenezuela.com\/museo-de-la-memoria-y-la-represion\/","name":"Museo de la Memoria y la Represi\u00f3n - JEP Venezuela","description":"Un espacio dedicado a honrar la memoria de los venezolanos que fueron asesinados en el contexto de las manifestaciones pac\u00edficas desde el a\u00f1o 2014 hasta la actualidad","potentialAction":[{"@type":"SearchAction","target":{"@type":"EntryPoint","urlTemplate":"https:\/\/www.jepvenezuela.com\/museo-de-la-memoria-y-la-represion\/?s={search_term_string}"},"query-input":{"@type":"PropertyValueSpecification","valueRequired":true,"valueName":"search_term_string"}}],"inLanguage":"es"}]}},"_links":{"self":[{"href":"https:\/\/www.jepvenezuela.com\/museo-de-la-memoria-y-la-represion\/wp-json\/wp\/v2\/caidos\/1247","targetHints":{"allow":["GET"]}}],"collection":[{"href":"https:\/\/www.jepvenezuela.com\/museo-de-la-memoria-y-la-represion\/wp-json\/wp\/v2\/caidos"}],"about":[{"href":"https:\/\/www.jepvenezuela.com\/museo-de-la-memoria-y-la-represion\/wp-json\/wp\/v2\/types\/caidos"}],"wp:featuredmedia":[{"embeddable":true,"href":"https:\/\/www.jepvenezuela.com\/museo-de-la-memoria-y-la-represion\/wp-json\/wp\/v2\/media\/1249"}],"wp:attachment":[{"href":"https:\/\/www.jepvenezuela.com\/museo-de-la-memoria-y-la-represion\/wp-json\/wp\/v2\/media?parent=1247"}],"wp:term":[{"taxonomy":"caidos_cat","embeddable":true,"href":"https:\/\/www.jepvenezuela.com\/museo-de-la-memoria-y-la-represion\/wp-json\/wp\/v2\/caidos_cat?post=1247"}],"curies":[{"name":"wp","href":"https:\/\/api.w.org\/{rel}","templated":true}]}}