{"id":194,"date":"2020-11-30T19:35:52","date_gmt":"2020-11-30T19:35:52","guid":{"rendered":"https:\/\/test.jepvenezuela.com\/museo-de-la-memoria-y-la-represion\/?post_type=caidos&#038;p=194"},"modified":"2023-06-19T16:25:20","modified_gmt":"2023-06-19T16:25:20","slug":"jimmy-erwill-vargas-gonzalez","status":"publish","type":"caidos","link":"https:\/\/www.jepvenezuela.com\/museo-de-la-memoria-y-la-represion\/caidos\/jimmy-erwill-vargas-gonzalez\/","title":{"rendered":"Jimmy Erwill Vargas Gonz\u00e1lez"},"content":{"rendered":"\n<div style=\"height:100px\" aria-hidden=\"true\" class=\"wp-block-spacer\"><\/div>\n\n\n\n<h2>Asesinado mientras ejerc\u00eda su derecho a la manifestaci\u00f3n, el 24 de febrero de 2014.<\/h2>\n<p>\u00a0<\/p>\n<p><strong>Edad:<\/strong> 34 a\u00f1os.<\/p>\n<p><strong>Profesi\u00f3n y\/o Oficio:<\/strong> Comerciante informal.\u00a0<\/p>\n<p><strong>Estado:<\/strong> T\u00e1chira.<\/p>\n<p><strong>Presuntos responsables:<\/strong> Funcionarios de la Guardia Nacional Bolivariana.\u00a0<\/p>\n<p><strong>Rese\u00f1a del caso:<\/strong> El 24 de febrero de 2014, en la ciudad de San Crist\u00f3bal del estado T\u00e1chira, funcionarios de la Guardia Nacional Bolivariana persegu\u00edan y disparaban perdigones a un grupo de manifestantes entre los que estaba Jimmy. Buscando refugio subi\u00f3 al techo de una casa desde el cual cay\u00f3 y el impacto le caus\u00f3 la muerte. \u00a0<\/p>\n<p><strong>Estatus judicial: <\/strong>Sobreseimiento.\u00a0<\/p>\n\n\n\n<div style=\"height:100px\" aria-hidden=\"true\" class=\"wp-block-spacer\"><\/div>\n\n\n\n<h2>\u00a1<strong>Su familia y Venezuela exigen justicia!<\/strong><\/h2>\n\n\n\n<div style=\"height:100px\" aria-hidden=\"true\" class=\"wp-block-spacer\"><\/div>\n\n\n\n<hr class=\"wp-block-separator has-text-color has-white-color has-css-opacity has-white-background-color has-background\" \/>\n\n\n\n<div style=\"height:100px\" aria-hidden=\"true\" class=\"wp-block-spacer\"><\/div>\n\n\n\n<h2>Recuerdos de Jimmy<\/h2>\n\n\n\n<figure class=\"wp-block-gallery has-nested-images columns-default is-cropped wp-block-gallery-1 is-layout-flex wp-block-gallery-is-layout-flex\">\n<figure class=\"wp-block-image size-large\"><img fetchpriority=\"high\" decoding=\"async\" width=\"1080\" height=\"1080\" data-id=\"448\" src=\"https:\/\/www.jepvenezuela.com\/museo-de-la-memoria-y-la-represion\/wp-content\/uploads\/sites\/2\/2020\/12\/jimmy-vargas-019.jpg\" alt=\"\" class=\"wp-image-448\" srcset=\"https:\/\/www.jepvenezuela.com\/museo-de-la-memoria-y-la-represion\/wp-content\/uploads\/sites\/2\/2020\/12\/jimmy-vargas-019.jpg 1080w, https:\/\/www.jepvenezuela.com\/museo-de-la-memoria-y-la-represion\/wp-content\/uploads\/sites\/2\/2020\/12\/jimmy-vargas-019-150x150.jpg 150w\" sizes=\"(max-width: 1080px) 100vw, 1080px\" \/><\/figure>\n\n\n\n<figure class=\"wp-block-image size-large\"><img decoding=\"async\" width=\"1080\" height=\"1080\" data-id=\"449\" src=\"https:\/\/www.jepvenezuela.com\/museo-de-la-memoria-y-la-represion\/wp-content\/uploads\/sites\/2\/2020\/12\/jimmy-vargas-018.jpg\" alt=\"\" class=\"wp-image-449\" srcset=\"https:\/\/www.jepvenezuela.com\/museo-de-la-memoria-y-la-represion\/wp-content\/uploads\/sites\/2\/2020\/12\/jimmy-vargas-018.jpg 1080w, https:\/\/www.jepvenezuela.com\/museo-de-la-memoria-y-la-represion\/wp-content\/uploads\/sites\/2\/2020\/12\/jimmy-vargas-018-150x150.jpg 150w\" sizes=\"(max-width: 1080px) 100vw, 1080px\" \/><\/figure>\n\n\n\n<figure class=\"wp-block-image size-large\"><img decoding=\"async\" width=\"1080\" height=\"1080\" data-id=\"450\" src=\"https:\/\/www.jepvenezuela.com\/museo-de-la-memoria-y-la-represion\/wp-content\/uploads\/sites\/2\/2020\/12\/jimmy-vargas-017.jpg\" alt=\"\" class=\"wp-image-450\" srcset=\"https:\/\/www.jepvenezuela.com\/museo-de-la-memoria-y-la-represion\/wp-content\/uploads\/sites\/2\/2020\/12\/jimmy-vargas-017.jpg 1080w, https:\/\/www.jepvenezuela.com\/museo-de-la-memoria-y-la-represion\/wp-content\/uploads\/sites\/2\/2020\/12\/jimmy-vargas-017-150x150.jpg 150w\" sizes=\"(max-width: 1080px) 100vw, 1080px\" \/><\/figure>\n\n\n\n<figure class=\"wp-block-image size-large\"><img loading=\"lazy\" decoding=\"async\" width=\"1080\" height=\"1080\" data-id=\"451\" src=\"https:\/\/www.jepvenezuela.com\/museo-de-la-memoria-y-la-represion\/wp-content\/uploads\/sites\/2\/2020\/12\/jimmy-vargas-016.jpg\" alt=\"\" class=\"wp-image-451\" srcset=\"https:\/\/www.jepvenezuela.com\/museo-de-la-memoria-y-la-represion\/wp-content\/uploads\/sites\/2\/2020\/12\/jimmy-vargas-016.jpg 1080w, https:\/\/www.jepvenezuela.com\/museo-de-la-memoria-y-la-represion\/wp-content\/uploads\/sites\/2\/2020\/12\/jimmy-vargas-016-150x150.jpg 150w\" sizes=\"(max-width: 1080px) 100vw, 1080px\" \/><\/figure>\n\n\n\n<figure class=\"wp-block-image size-large\"><img loading=\"lazy\" decoding=\"async\" width=\"1080\" height=\"1080\" data-id=\"452\" src=\"https:\/\/www.jepvenezuela.com\/museo-de-la-memoria-y-la-represion\/wp-content\/uploads\/sites\/2\/2020\/12\/jimmy-vargas-015.jpg\" alt=\"\" class=\"wp-image-452\" srcset=\"https:\/\/www.jepvenezuela.com\/museo-de-la-memoria-y-la-represion\/wp-content\/uploads\/sites\/2\/2020\/12\/jimmy-vargas-015.jpg 1080w, https:\/\/www.jepvenezuela.com\/museo-de-la-memoria-y-la-represion\/wp-content\/uploads\/sites\/2\/2020\/12\/jimmy-vargas-015-150x150.jpg 150w\" sizes=\"(max-width: 1080px) 100vw, 1080px\" \/><\/figure>\n\n\n\n<figure class=\"wp-block-image size-large\"><img loading=\"lazy\" decoding=\"async\" width=\"1080\" height=\"1080\" data-id=\"453\" src=\"https:\/\/www.jepvenezuela.com\/museo-de-la-memoria-y-la-represion\/wp-content\/uploads\/sites\/2\/2020\/12\/jimmy-vargas-014.jpg\" alt=\"\" class=\"wp-image-453\" srcset=\"https:\/\/www.jepvenezuela.com\/museo-de-la-memoria-y-la-represion\/wp-content\/uploads\/sites\/2\/2020\/12\/jimmy-vargas-014.jpg 1080w, https:\/\/www.jepvenezuela.com\/museo-de-la-memoria-y-la-represion\/wp-content\/uploads\/sites\/2\/2020\/12\/jimmy-vargas-014-150x150.jpg 150w\" sizes=\"(max-width: 1080px) 100vw, 1080px\" \/><\/figure>\n\n\n\n<figure class=\"wp-block-image size-large\"><img loading=\"lazy\" decoding=\"async\" width=\"1080\" height=\"1080\" data-id=\"454\" src=\"https:\/\/www.jepvenezuela.com\/museo-de-la-memoria-y-la-represion\/wp-content\/uploads\/sites\/2\/2020\/12\/jimmy-vargas-013.jpg\" alt=\"\" class=\"wp-image-454\" srcset=\"https:\/\/www.jepvenezuela.com\/museo-de-la-memoria-y-la-represion\/wp-content\/uploads\/sites\/2\/2020\/12\/jimmy-vargas-013.jpg 1080w, https:\/\/www.jepvenezuela.com\/museo-de-la-memoria-y-la-represion\/wp-content\/uploads\/sites\/2\/2020\/12\/jimmy-vargas-013-150x150.jpg 150w\" sizes=\"(max-width: 1080px) 100vw, 1080px\" \/><\/figure>\n\n\n\n<figure class=\"wp-block-image size-large\"><img loading=\"lazy\" decoding=\"async\" width=\"1080\" height=\"1080\" data-id=\"455\" src=\"https:\/\/www.jepvenezuela.com\/museo-de-la-memoria-y-la-represion\/wp-content\/uploads\/sites\/2\/2020\/12\/jimmy-vargas-012.jpg\" alt=\"\" class=\"wp-image-455\" srcset=\"https:\/\/www.jepvenezuela.com\/museo-de-la-memoria-y-la-represion\/wp-content\/uploads\/sites\/2\/2020\/12\/jimmy-vargas-012.jpg 1080w, https:\/\/www.jepvenezuela.com\/museo-de-la-memoria-y-la-represion\/wp-content\/uploads\/sites\/2\/2020\/12\/jimmy-vargas-012-150x150.jpg 150w\" sizes=\"(max-width: 1080px) 100vw, 1080px\" \/><\/figure>\n\n\n\n<figure class=\"wp-block-image size-large\"><img loading=\"lazy\" decoding=\"async\" width=\"1080\" height=\"1080\" data-id=\"456\" src=\"https:\/\/www.jepvenezuela.com\/museo-de-la-memoria-y-la-represion\/wp-content\/uploads\/sites\/2\/2020\/12\/jimmy-vargas-011.jpg\" alt=\"\" class=\"wp-image-456\" srcset=\"https:\/\/www.jepvenezuela.com\/museo-de-la-memoria-y-la-represion\/wp-content\/uploads\/sites\/2\/2020\/12\/jimmy-vargas-011.jpg 1080w, https:\/\/www.jepvenezuela.com\/museo-de-la-memoria-y-la-represion\/wp-content\/uploads\/sites\/2\/2020\/12\/jimmy-vargas-011-150x150.jpg 150w\" sizes=\"(max-width: 1080px) 100vw, 1080px\" \/><\/figure>\n\n\n\n<figure class=\"wp-block-image size-large\"><img loading=\"lazy\" decoding=\"async\" width=\"1080\" height=\"1080\" data-id=\"457\" src=\"https:\/\/www.jepvenezuela.com\/museo-de-la-memoria-y-la-represion\/wp-content\/uploads\/sites\/2\/2020\/12\/jimmy-vargas-010.jpg\" alt=\"\" class=\"wp-image-457\" srcset=\"https:\/\/www.jepvenezuela.com\/museo-de-la-memoria-y-la-represion\/wp-content\/uploads\/sites\/2\/2020\/12\/jimmy-vargas-010.jpg 1080w, https:\/\/www.jepvenezuela.com\/museo-de-la-memoria-y-la-represion\/wp-content\/uploads\/sites\/2\/2020\/12\/jimmy-vargas-010-150x150.jpg 150w\" sizes=\"(max-width: 1080px) 100vw, 1080px\" \/><\/figure>\n\n\n\n<figure class=\"wp-block-image size-large\"><img loading=\"lazy\" decoding=\"async\" width=\"1080\" height=\"1080\" data-id=\"458\" src=\"https:\/\/www.jepvenezuela.com\/museo-de-la-memoria-y-la-represion\/wp-content\/uploads\/sites\/2\/2020\/12\/jimmy-vargas-009.jpg\" alt=\"\" class=\"wp-image-458\" srcset=\"https:\/\/www.jepvenezuela.com\/museo-de-la-memoria-y-la-represion\/wp-content\/uploads\/sites\/2\/2020\/12\/jimmy-vargas-009.jpg 1080w, https:\/\/www.jepvenezuela.com\/museo-de-la-memoria-y-la-represion\/wp-content\/uploads\/sites\/2\/2020\/12\/jimmy-vargas-009-150x150.jpg 150w\" sizes=\"(max-width: 1080px) 100vw, 1080px\" \/><\/figure>\n\n\n\n<figure class=\"wp-block-image size-large\"><img loading=\"lazy\" decoding=\"async\" width=\"1080\" height=\"1080\" data-id=\"459\" src=\"https:\/\/www.jepvenezuela.com\/museo-de-la-memoria-y-la-represion\/wp-content\/uploads\/sites\/2\/2020\/12\/jimmy-vargas-008.jpg\" alt=\"\" class=\"wp-image-459\" srcset=\"https:\/\/www.jepvenezuela.com\/museo-de-la-memoria-y-la-represion\/wp-content\/uploads\/sites\/2\/2020\/12\/jimmy-vargas-008.jpg 1080w, https:\/\/www.jepvenezuela.com\/museo-de-la-memoria-y-la-represion\/wp-content\/uploads\/sites\/2\/2020\/12\/jimmy-vargas-008-150x150.jpg 150w\" sizes=\"(max-width: 1080px) 100vw, 1080px\" \/><\/figure>\n\n\n\n<figure class=\"wp-block-image size-large\"><img loading=\"lazy\" decoding=\"async\" width=\"1080\" height=\"1080\" data-id=\"460\" src=\"https:\/\/www.jepvenezuela.com\/museo-de-la-memoria-y-la-represion\/wp-content\/uploads\/sites\/2\/2020\/12\/jimmy-vargas-007.jpg\" alt=\"\" class=\"wp-image-460\" srcset=\"https:\/\/www.jepvenezuela.com\/museo-de-la-memoria-y-la-represion\/wp-content\/uploads\/sites\/2\/2020\/12\/jimmy-vargas-007.jpg 1080w, https:\/\/www.jepvenezuela.com\/museo-de-la-memoria-y-la-represion\/wp-content\/uploads\/sites\/2\/2020\/12\/jimmy-vargas-007-150x150.jpg 150w\" sizes=\"(max-width: 1080px) 100vw, 1080px\" \/><\/figure>\n\n\n\n<figure class=\"wp-block-image size-large\"><img loading=\"lazy\" decoding=\"async\" width=\"1080\" height=\"1080\" data-id=\"461\" src=\"https:\/\/www.jepvenezuela.com\/museo-de-la-memoria-y-la-represion\/wp-content\/uploads\/sites\/2\/2020\/12\/jimmy-vargas-006.jpg\" alt=\"\" class=\"wp-image-461\" srcset=\"https:\/\/www.jepvenezuela.com\/museo-de-la-memoria-y-la-represion\/wp-content\/uploads\/sites\/2\/2020\/12\/jimmy-vargas-006.jpg 1080w, https:\/\/www.jepvenezuela.com\/museo-de-la-memoria-y-la-represion\/wp-content\/uploads\/sites\/2\/2020\/12\/jimmy-vargas-006-150x150.jpg 150w\" sizes=\"(max-width: 1080px) 100vw, 1080px\" \/><\/figure>\n<\/figure>\n\n\n\n<h2>Heridas de su adi\u00f3s&nbsp;<\/h2>\n\n\n\n<figure class=\"wp-block-gallery has-nested-images columns-default is-cropped wp-block-gallery-2 is-layout-flex wp-block-gallery-is-layout-flex\">\n<figure class=\"wp-block-image size-large\"><img loading=\"lazy\" decoding=\"async\" width=\"1920\" height=\"1080\" data-id=\"414\" src=\"https:\/\/www.jepvenezuela.com\/museo-de-la-memoria-y-la-represion\/wp-content\/uploads\/sites\/2\/2020\/12\/jimmy-vargas-004.jpg\" alt=\"\" class=\"wp-image-414\" srcset=\"https:\/\/www.jepvenezuela.com\/museo-de-la-memoria-y-la-represion\/wp-content\/uploads\/sites\/2\/2020\/12\/jimmy-vargas-004.jpg 1920w, https:\/\/www.jepvenezuela.com\/museo-de-la-memoria-y-la-represion\/wp-content\/uploads\/sites\/2\/2020\/12\/jimmy-vargas-004-825x464.jpg 825w, https:\/\/www.jepvenezuela.com\/museo-de-la-memoria-y-la-represion\/wp-content\/uploads\/sites\/2\/2020\/12\/jimmy-vargas-004-1536x864.jpg 1536w\" sizes=\"(max-width: 1920px) 100vw, 1920px\" \/><\/figure>\n\n\n\n<figure class=\"wp-block-image size-large\"><img loading=\"lazy\" decoding=\"async\" width=\"1920\" height=\"1080\" data-id=\"415\" src=\"https:\/\/www.jepvenezuela.com\/museo-de-la-memoria-y-la-represion\/wp-content\/uploads\/sites\/2\/2020\/12\/jimmy-vargas-003.jpg\" alt=\"\" class=\"wp-image-415\" srcset=\"https:\/\/www.jepvenezuela.com\/museo-de-la-memoria-y-la-represion\/wp-content\/uploads\/sites\/2\/2020\/12\/jimmy-vargas-003.jpg 1920w, https:\/\/www.jepvenezuela.com\/museo-de-la-memoria-y-la-represion\/wp-content\/uploads\/sites\/2\/2020\/12\/jimmy-vargas-003-825x464.jpg 825w, https:\/\/www.jepvenezuela.com\/museo-de-la-memoria-y-la-represion\/wp-content\/uploads\/sites\/2\/2020\/12\/jimmy-vargas-003-1536x864.jpg 1536w\" sizes=\"(max-width: 1920px) 100vw, 1920px\" \/><\/figure>\n\n\n\n<figure class=\"wp-block-image size-large\"><img loading=\"lazy\" decoding=\"async\" width=\"1920\" height=\"1080\" data-id=\"416\" src=\"https:\/\/www.jepvenezuela.com\/museo-de-la-memoria-y-la-represion\/wp-content\/uploads\/sites\/2\/2020\/12\/jimmy-vargas-002.jpg\" alt=\"\" class=\"wp-image-416\" srcset=\"https:\/\/www.jepvenezuela.com\/museo-de-la-memoria-y-la-represion\/wp-content\/uploads\/sites\/2\/2020\/12\/jimmy-vargas-002.jpg 1920w, https:\/\/www.jepvenezuela.com\/museo-de-la-memoria-y-la-represion\/wp-content\/uploads\/sites\/2\/2020\/12\/jimmy-vargas-002-825x464.jpg 825w, https:\/\/www.jepvenezuela.com\/museo-de-la-memoria-y-la-represion\/wp-content\/uploads\/sites\/2\/2020\/12\/jimmy-vargas-002-1536x864.jpg 1536w\" sizes=\"(max-width: 1920px) 100vw, 1920px\" \/><\/figure>\n\n\n\n<figure class=\"wp-block-image size-large\"><img loading=\"lazy\" decoding=\"async\" width=\"1920\" height=\"1080\" data-id=\"417\" src=\"https:\/\/www.jepvenezuela.com\/museo-de-la-memoria-y-la-represion\/wp-content\/uploads\/sites\/2\/2020\/12\/jimmy-vargas-001.jpg\" alt=\"\" class=\"wp-image-417\" srcset=\"https:\/\/www.jepvenezuela.com\/museo-de-la-memoria-y-la-represion\/wp-content\/uploads\/sites\/2\/2020\/12\/jimmy-vargas-001.jpg 1920w, https:\/\/www.jepvenezuela.com\/museo-de-la-memoria-y-la-represion\/wp-content\/uploads\/sites\/2\/2020\/12\/jimmy-vargas-001-825x464.jpg 825w, https:\/\/www.jepvenezuela.com\/museo-de-la-memoria-y-la-represion\/wp-content\/uploads\/sites\/2\/2020\/12\/jimmy-vargas-001-1536x864.jpg 1536w\" sizes=\"(max-width: 1920px) 100vw, 1920px\" \/><\/figure>\n<figcaption class=\"blocks-gallery-caption wp-element-caption\">Fotos Cortes\u00eda<\/figcaption><\/figure>\n\n\n\n<div style=\"height:100px\" aria-hidden=\"true\" class=\"wp-block-spacer\"><\/div>\n\n\n\n<hr class=\"wp-block-separator has-text-color has-white-color has-css-opacity has-white-background-color has-background\" \/>\n\n\n\n<div style=\"height:100px\" aria-hidden=\"true\" class=\"wp-block-spacer\"><\/div>\n\n\n\n<h2>#JEPVzla Construyendo Memoria<\/h2>\n<p>Desde Justicia, Encuentro y Perd\u00f3n trabajamos diariamente en la construcci\u00f3n de memoria como forma de honrar a los ca\u00eddos y sus familias, as\u00ed como para que hechos como los ocurridos no se vuelvan a repetir en nuestro pa\u00eds. En esta secci\u00f3n podr\u00e1s encontrar todo el material producido por la organizaci\u00f3n:&nbsp;<\/p>\n\n\n\n<figure class=\"wp-block-embed is-type-wp-embed is-provider-jep-venezuela wp-block-embed-jep-venezuela\"><div class=\"wp-block-embed__wrapper\">\n<blockquote class=\"wp-embedded-content\" data-secret=\"aoaYwSb00V\"><a href=\"https:\/\/www.jepvenezuela.com\/2020\/05\/31\/cronica-jimmy-vargas-murio-al-norte-de-la-capital-tachirense-tras-el-acoso-a-un-grupo-de-manifestantes\/\">CR\u00d3NICA | Jimmy Vargas muri\u00f3 al norte de la capital tachirense, tras el acoso a un grupo de manifestantes<\/a><\/blockquote><iframe class=\"wp-embedded-content\" sandbox=\"allow-scripts\" security=\"restricted\" style=\"position: absolute; clip: rect(1px, 1px, 1px, 1px);\" title=\"\u00abCR\u00d3NICA | Jimmy Vargas muri\u00f3 al norte de la capital tachirense, tras el acoso a un grupo de manifestantes\u00bb \u2014 JEP Venezuela\" src=\"https:\/\/www.jepvenezuela.com\/2020\/05\/31\/cronica-jimmy-vargas-murio-al-norte-de-la-capital-tachirense-tras-el-acoso-a-un-grupo-de-manifestantes\/embed\/#?secret=nfsYDEA5uv#?secret=aoaYwSb00V\" data-secret=\"aoaYwSb00V\" width=\"600\" height=\"338\" frameborder=\"0\" marginwidth=\"0\" marginheight=\"0\" scrolling=\"no\"><\/iframe>\n<\/div><\/figure>\n\n\n\n<div style=\"height:100px\" aria-hidden=\"true\" class=\"wp-block-spacer\"><\/div>\n\n\n\n<hr class=\"wp-block-separator has-text-color has-white-color has-css-opacity has-white-background-color has-background\" \/>\n\n\n\n<h2>La voz de su familia<\/h2>\n\n\n\n<div style=\"height:47px\" aria-hidden=\"true\" class=\"wp-block-spacer\"><\/div>\n\n\n\n<figure class=\"wp-block-embed is-type-video is-provider-youtube wp-block-embed-youtube wp-embed-aspect-16-9 wp-has-aspect-ratio\"><div class=\"wp-block-embed__wrapper\">\n<iframe title=\"Testimonio madre de Jimmy Vargas  #ConstruimosMemoria\" width=\"992\" height=\"558\" src=\"https:\/\/www.youtube.com\/embed\/V75py2cyEmU?feature=oembed\" frameborder=\"0\" allow=\"accelerometer; autoplay; clipboard-write; encrypted-media; gyroscope; picture-in-picture; web-share\" allowfullscreen><\/iframe>\n<\/div><\/figure>\n\n\n\n<div style=\"height:100px\" aria-hidden=\"true\" class=\"wp-block-spacer\"><\/div>\n\n\n\n<h2 style=\"text-align: center\">#RecordarEsJusticia<\/h2>\n","protected":false},"featured_media":203,"parent":0,"menu_order":0,"template":"","caidos_cat":[2],"class_list":["post-194","caidos","type-caidos","status-publish","has-post-thumbnail","hentry","caidos_cat-los-del-2014-2015"],"acf":[],"yoast_head":"<!-- This site is optimized with the Yoast SEO plugin v26.7 - https:\/\/yoast.com\/wordpress\/plugins\/seo\/ -->\n<title>Jimmy Erwill Vargas Gonz\u00e1lez - Museo de la Memoria y la Represi\u00f3n - JEP Venezuela<\/title>\n<meta name=\"robots\" content=\"index, follow, max-snippet:-1, max-image-preview:large, max-video-preview:-1\" \/>\n<link rel=\"canonical\" href=\"https:\/\/www.jepvenezuela.com\/museo-de-la-memoria-y-la-represion\/caidos\/jimmy-erwill-vargas-gonzalez\/\" \/>\n<meta property=\"og:locale\" content=\"es_ES\" \/>\n<meta property=\"og:type\" content=\"article\" \/>\n<meta property=\"og:title\" content=\"Jimmy Erwill Vargas Gonz\u00e1lez - Museo de la Memoria y la Represi\u00f3n - JEP Venezuela\" \/>\n<meta property=\"og:description\" content=\"Asesinado mientras ejerc\u00eda su derecho a la manifestaci\u00f3n, el 24 de febrero de 2014. \u00a0 Edad: 34 a\u00f1os. Profesi\u00f3n y\/o Oficio: Comerciante informal.\u00a0 Estado: T\u00e1chira. Presuntos responsables: Funcionarios de la Guardia Nacional Bolivariana.\u00a0 Rese\u00f1a del caso: El 24 de febrero de 2014, en la ciudad de San Crist\u00f3bal del estado T\u00e1chira, funcionarios de la Guardia [&hellip;]\" \/>\n<meta property=\"og:url\" content=\"https:\/\/www.jepvenezuela.com\/museo-de-la-memoria-y-la-represion\/caidos\/jimmy-erwill-vargas-gonzalez\/\" \/>\n<meta property=\"og:site_name\" content=\"Museo de la Memoria y la Represi\u00f3n - JEP Venezuela\" \/>\n<meta property=\"article:publisher\" content=\"https:\/\/www.facebook.com\/JEPVenezuela\" \/>\n<meta property=\"article:modified_time\" content=\"2023-06-19T16:25:20+00:00\" \/>\n<meta property=\"og:image\" content=\"https:\/\/www.jepvenezuela.com\/museo-de-la-memoria-y-la-represion\/wp-content\/uploads\/sites\/2\/2020\/11\/imagenes-museo-5.jpg\" \/>\n\t<meta property=\"og:image:width\" content=\"1920\" \/>\n\t<meta property=\"og:image:height\" content=\"1080\" \/>\n\t<meta property=\"og:image:type\" content=\"image\/jpeg\" \/>\n<meta name=\"twitter:card\" content=\"summary_large_image\" \/>\n<meta name=\"twitter:site\" content=\"@JEPvzla\" \/>\n<meta name=\"twitter:label1\" content=\"Tiempo de lectura\" \/>\n\t<meta name=\"twitter:data1\" content=\"5 minutos\" \/>\n<script type=\"application\/ld+json\" class=\"yoast-schema-graph\">{\"@context\":\"https:\/\/schema.org\",\"@graph\":[{\"@type\":\"WebPage\",\"@id\":\"https:\/\/www.jepvenezuela.com\/museo-de-la-memoria-y-la-represion\/caidos\/jimmy-erwill-vargas-gonzalez\/\",\"url\":\"https:\/\/www.jepvenezuela.com\/museo-de-la-memoria-y-la-represion\/caidos\/jimmy-erwill-vargas-gonzalez\/\",\"name\":\"Jimmy Erwill Vargas Gonz\u00e1lez - Museo de la Memoria y la Represi\u00f3n - JEP Venezuela\",\"isPartOf\":{\"@id\":\"https:\/\/www.jepvenezuela.com\/museo-de-la-memoria-y-la-represion\/#website\"},\"primaryImageOfPage\":{\"@id\":\"https:\/\/www.jepvenezuela.com\/museo-de-la-memoria-y-la-represion\/caidos\/jimmy-erwill-vargas-gonzalez\/#primaryimage\"},\"image\":{\"@id\":\"https:\/\/www.jepvenezuela.com\/museo-de-la-memoria-y-la-represion\/caidos\/jimmy-erwill-vargas-gonzalez\/#primaryimage\"},\"thumbnailUrl\":\"https:\/\/www.jepvenezuela.com\/museo-de-la-memoria-y-la-represion\/wp-content\/uploads\/sites\/2\/2020\/11\/imagenes-museo-5.jpg\",\"datePublished\":\"2020-11-30T19:35:52+00:00\",\"dateModified\":\"2023-06-19T16:25:20+00:00\",\"breadcrumb\":{\"@id\":\"https:\/\/www.jepvenezuela.com\/museo-de-la-memoria-y-la-represion\/caidos\/jimmy-erwill-vargas-gonzalez\/#breadcrumb\"},\"inLanguage\":\"es\",\"potentialAction\":[{\"@type\":\"ReadAction\",\"target\":[\"https:\/\/www.jepvenezuela.com\/museo-de-la-memoria-y-la-represion\/caidos\/jimmy-erwill-vargas-gonzalez\/\"]}]},{\"@type\":\"ImageObject\",\"inLanguage\":\"es\",\"@id\":\"https:\/\/www.jepvenezuela.com\/museo-de-la-memoria-y-la-represion\/caidos\/jimmy-erwill-vargas-gonzalez\/#primaryimage\",\"url\":\"https:\/\/www.jepvenezuela.com\/museo-de-la-memoria-y-la-represion\/wp-content\/uploads\/sites\/2\/2020\/11\/imagenes-museo-5.jpg\",\"contentUrl\":\"https:\/\/www.jepvenezuela.com\/museo-de-la-memoria-y-la-represion\/wp-content\/uploads\/sites\/2\/2020\/11\/imagenes-museo-5.jpg\",\"width\":1920,\"height\":1080},{\"@type\":\"BreadcrumbList\",\"@id\":\"https:\/\/www.jepvenezuela.com\/museo-de-la-memoria-y-la-represion\/caidos\/jimmy-erwill-vargas-gonzalez\/#breadcrumb\",\"itemListElement\":[{\"@type\":\"ListItem\",\"position\":1,\"name\":\"Portada\",\"item\":\"https:\/\/www.jepvenezuela.com\/museo-de-la-memoria-y-la-represion\/\"},{\"@type\":\"ListItem\",\"position\":2,\"name\":\"Ca\u00eddos\",\"item\":\"https:\/\/www.jepvenezuela.com\/museo-de-la-memoria-y-la-represion\/caidos\/\"},{\"@type\":\"ListItem\",\"position\":3,\"name\":\"Jimmy Erwill Vargas Gonz\u00e1lez\"}]},{\"@type\":\"WebSite\",\"@id\":\"https:\/\/www.jepvenezuela.com\/museo-de-la-memoria-y-la-represion\/#website\",\"url\":\"https:\/\/www.jepvenezuela.com\/museo-de-la-memoria-y-la-represion\/\",\"name\":\"Museo de la Memoria y la Represi\u00f3n - JEP Venezuela\",\"description\":\"Un espacio dedicado a honrar la memoria de los venezolanos que fueron asesinados en el contexto de las manifestaciones pac\u00edficas desde el a\u00f1o 2014 hasta la actualidad\",\"potentialAction\":[{\"@type\":\"SearchAction\",\"target\":{\"@type\":\"EntryPoint\",\"urlTemplate\":\"https:\/\/www.jepvenezuela.com\/museo-de-la-memoria-y-la-represion\/?s={search_term_string}\"},\"query-input\":{\"@type\":\"PropertyValueSpecification\",\"valueRequired\":true,\"valueName\":\"search_term_string\"}}],\"inLanguage\":\"es\"}]}<\/script>\n<!-- \/ Yoast SEO plugin. -->","yoast_head_json":{"title":"Jimmy Erwill Vargas Gonz\u00e1lez - Museo de la Memoria y la Represi\u00f3n - JEP Venezuela","robots":{"index":"index","follow":"follow","max-snippet":"max-snippet:-1","max-image-preview":"max-image-preview:large","max-video-preview":"max-video-preview:-1"},"canonical":"https:\/\/www.jepvenezuela.com\/museo-de-la-memoria-y-la-represion\/caidos\/jimmy-erwill-vargas-gonzalez\/","og_locale":"es_ES","og_type":"article","og_title":"Jimmy Erwill Vargas Gonz\u00e1lez - Museo de la Memoria y la Represi\u00f3n - JEP Venezuela","og_description":"Asesinado mientras ejerc\u00eda su derecho a la manifestaci\u00f3n, el 24 de febrero de 2014. \u00a0 Edad: 34 a\u00f1os. Profesi\u00f3n y\/o Oficio: Comerciante informal.\u00a0 Estado: T\u00e1chira. Presuntos responsables: Funcionarios de la Guardia Nacional Bolivariana.\u00a0 Rese\u00f1a del caso: El 24 de febrero de 2014, en la ciudad de San Crist\u00f3bal del estado T\u00e1chira, funcionarios de la Guardia [&hellip;]","og_url":"https:\/\/www.jepvenezuela.com\/museo-de-la-memoria-y-la-represion\/caidos\/jimmy-erwill-vargas-gonzalez\/","og_site_name":"Museo de la Memoria y la Represi\u00f3n - JEP Venezuela","article_publisher":"https:\/\/www.facebook.com\/JEPVenezuela","article_modified_time":"2023-06-19T16:25:20+00:00","og_image":[{"width":1920,"height":1080,"url":"https:\/\/www.jepvenezuela.com\/museo-de-la-memoria-y-la-represion\/wp-content\/uploads\/sites\/2\/2020\/11\/imagenes-museo-5.jpg","type":"image\/jpeg"}],"twitter_card":"summary_large_image","twitter_site":"@JEPvzla","twitter_misc":{"Tiempo de lectura":"5 minutos"},"schema":{"@context":"https:\/\/schema.org","@graph":[{"@type":"WebPage","@id":"https:\/\/www.jepvenezuela.com\/museo-de-la-memoria-y-la-represion\/caidos\/jimmy-erwill-vargas-gonzalez\/","url":"https:\/\/www.jepvenezuela.com\/museo-de-la-memoria-y-la-represion\/caidos\/jimmy-erwill-vargas-gonzalez\/","name":"Jimmy Erwill Vargas Gonz\u00e1lez - Museo de la Memoria y la Represi\u00f3n - JEP Venezuela","isPartOf":{"@id":"https:\/\/www.jepvenezuela.com\/museo-de-la-memoria-y-la-represion\/#website"},"primaryImageOfPage":{"@id":"https:\/\/www.jepvenezuela.com\/museo-de-la-memoria-y-la-represion\/caidos\/jimmy-erwill-vargas-gonzalez\/#primaryimage"},"image":{"@id":"https:\/\/www.jepvenezuela.com\/museo-de-la-memoria-y-la-represion\/caidos\/jimmy-erwill-vargas-gonzalez\/#primaryimage"},"thumbnailUrl":"https:\/\/www.jepvenezuela.com\/museo-de-la-memoria-y-la-represion\/wp-content\/uploads\/sites\/2\/2020\/11\/imagenes-museo-5.jpg","datePublished":"2020-11-30T19:35:52+00:00","dateModified":"2023-06-19T16:25:20+00:00","breadcrumb":{"@id":"https:\/\/www.jepvenezuela.com\/museo-de-la-memoria-y-la-represion\/caidos\/jimmy-erwill-vargas-gonzalez\/#breadcrumb"},"inLanguage":"es","potentialAction":[{"@type":"ReadAction","target":["https:\/\/www.jepvenezuela.com\/museo-de-la-memoria-y-la-represion\/caidos\/jimmy-erwill-vargas-gonzalez\/"]}]},{"@type":"ImageObject","inLanguage":"es","@id":"https:\/\/www.jepvenezuela.com\/museo-de-la-memoria-y-la-represion\/caidos\/jimmy-erwill-vargas-gonzalez\/#primaryimage","url":"https:\/\/www.jepvenezuela.com\/museo-de-la-memoria-y-la-represion\/wp-content\/uploads\/sites\/2\/2020\/11\/imagenes-museo-5.jpg","contentUrl":"https:\/\/www.jepvenezuela.com\/museo-de-la-memoria-y-la-represion\/wp-content\/uploads\/sites\/2\/2020\/11\/imagenes-museo-5.jpg","width":1920,"height":1080},{"@type":"BreadcrumbList","@id":"https:\/\/www.jepvenezuela.com\/museo-de-la-memoria-y-la-represion\/caidos\/jimmy-erwill-vargas-gonzalez\/#breadcrumb","itemListElement":[{"@type":"ListItem","position":1,"name":"Portada","item":"https:\/\/www.jepvenezuela.com\/museo-de-la-memoria-y-la-represion\/"},{"@type":"ListItem","position":2,"name":"Ca\u00eddos","item":"https:\/\/www.jepvenezuela.com\/museo-de-la-memoria-y-la-represion\/caidos\/"},{"@type":"ListItem","position":3,"name":"Jimmy Erwill Vargas Gonz\u00e1lez"}]},{"@type":"WebSite","@id":"https:\/\/www.jepvenezuela.com\/museo-de-la-memoria-y-la-represion\/#website","url":"https:\/\/www.jepvenezuela.com\/museo-de-la-memoria-y-la-represion\/","name":"Museo de la Memoria y la Represi\u00f3n - JEP Venezuela","description":"Un espacio dedicado a honrar la memoria de los venezolanos que fueron asesinados en el contexto de las manifestaciones pac\u00edficas desde el a\u00f1o 2014 hasta la actualidad","potentialAction":[{"@type":"SearchAction","target":{"@type":"EntryPoint","urlTemplate":"https:\/\/www.jepvenezuela.com\/museo-de-la-memoria-y-la-represion\/?s={search_term_string}"},"query-input":{"@type":"PropertyValueSpecification","valueRequired":true,"valueName":"search_term_string"}}],"inLanguage":"es"}]}},"_links":{"self":[{"href":"https:\/\/www.jepvenezuela.com\/museo-de-la-memoria-y-la-represion\/wp-json\/wp\/v2\/caidos\/194","targetHints":{"allow":["GET"]}}],"collection":[{"href":"https:\/\/www.jepvenezuela.com\/museo-de-la-memoria-y-la-represion\/wp-json\/wp\/v2\/caidos"}],"about":[{"href":"https:\/\/www.jepvenezuela.com\/museo-de-la-memoria-y-la-represion\/wp-json\/wp\/v2\/types\/caidos"}],"wp:featuredmedia":[{"embeddable":true,"href":"https:\/\/www.jepvenezuela.com\/museo-de-la-memoria-y-la-represion\/wp-json\/wp\/v2\/media\/203"}],"wp:attachment":[{"href":"https:\/\/www.jepvenezuela.com\/museo-de-la-memoria-y-la-represion\/wp-json\/wp\/v2\/media?parent=194"}],"wp:term":[{"taxonomy":"caidos_cat","embeddable":true,"href":"https:\/\/www.jepvenezuela.com\/museo-de-la-memoria-y-la-represion\/wp-json\/wp\/v2\/caidos_cat?post=194"}],"curies":[{"name":"wp","href":"https:\/\/api.w.org\/{rel}","templated":true}]}}