{"id":221,"date":"2020-11-30T20:10:32","date_gmt":"2020-11-30T20:10:32","guid":{"rendered":"https:\/\/test.jepvenezuela.com\/museo-de-la-memoria-y-la-represion\/?post_type=caidos&#038;p=221"},"modified":"2023-06-19T16:47:49","modified_gmt":"2023-06-19T16:47:49","slug":"guillermo-alfonso-sanchez-velasquez","status":"publish","type":"caidos","link":"https:\/\/www.jepvenezuela.com\/museo-de-la-memoria-y-la-represion\/caidos\/guillermo-alfonso-sanchez-velasquez\/","title":{"rendered":"Guillermo Alfonso S\u00e1nchez Vel\u00e1squez"},"content":{"rendered":"\n<div style=\"height:48px\" aria-hidden=\"true\" class=\"wp-block-spacer\"><\/div>\n\n\n\n<h2>Muerto en el contexto de una manifestaci\u00f3n, el 12 de marzo 2014.<\/h2>\n<p><strong>Edad:<\/strong> 42 a\u00f1os.<\/p>\n<p><strong>Profesi\u00f3n y\/o Oficio:<\/strong> Alba\u00f1il.\u00a0<\/p>\n<p><strong>Presuntos responsables:<\/strong> Civiles armados pro gobierno \u00abColectivos\u00bb<\/p>\n<p><strong>Estado:<\/strong> Carabobo.\u00a0<br \/><br \/><strong>Rese\u00f1a del caso:<\/strong> El 12 de marzo de 2014, mientras transitaba por la avenida Henry Ford de la urbanizaci\u00f3n La Isabelica, en el estado Carabobo, Guillermo S\u00e1nchez, de 42 a\u00f1os fue interceptado por un grupo de civiles armados pro gobierno en las inmediaciones de una protesta, fue golpeado y recibi\u00f3 un impacto de bala que acab\u00f3 con su vida. En la zona se encontraban funcionarios policiales y militares, pero estos no intervinieron en defensa de Guillermo relatan sus familiares.<\/p>\n<p><strong>Estatus Judicial:<\/strong>\u00a0 Por la muerte de este venezolano fue condenado Jhon Anderson Torres Sinisterra.<\/p>\n\n\n\n<div style=\"height:100px\" aria-hidden=\"true\" class=\"wp-block-spacer\"><\/div>\n\n\n\n<h2><strong>La intolerancia y la violencia pol\u00edtica le segaron la vida.<\/strong><\/h2>\n\n\n\n<hr class=\"wp-block-separator has-text-color has-white-color has-css-opacity has-white-background-color has-background\" \/>\n\n\n\n<div style=\"height:100px\" aria-hidden=\"true\" class=\"wp-block-spacer\"><\/div>\n\n\n\n<h2>Recuerdos de Guillermo<\/h2>\n\n\n\n<figure class=\"wp-block-gallery has-nested-images columns-default is-cropped wp-block-gallery-1 is-layout-flex wp-block-gallery-is-layout-flex\">\n<figure class=\"wp-block-image size-large\"><img fetchpriority=\"high\" decoding=\"async\" width=\"1492\" height=\"1080\" data-id=\"296\" src=\"https:\/\/www.jepvenezuela.com\/museo-de-la-memoria-y-la-represion\/wp-content\/uploads\/sites\/2\/2020\/12\/canva-photo-editor-26-min.jpg\" alt=\"\" class=\"wp-image-296\" \/><\/figure>\n\n\n\n<figure class=\"wp-block-image size-large\"><img decoding=\"async\" width=\"1508\" height=\"1080\" data-id=\"297\" src=\"https:\/\/www.jepvenezuela.com\/museo-de-la-memoria-y-la-represion\/wp-content\/uploads\/sites\/2\/2020\/12\/canva-photo-editor-19-min.jpg\" alt=\"\" class=\"wp-image-297\" \/><\/figure>\n\n\n\n<figure class=\"wp-block-image size-large\"><img decoding=\"async\" width=\"1670\" height=\"1080\" data-id=\"298\" src=\"https:\/\/www.jepvenezuela.com\/museo-de-la-memoria-y-la-represion\/wp-content\/uploads\/sites\/2\/2020\/12\/canva-photo-editor-30-min.jpg\" alt=\"\" class=\"wp-image-298\" srcset=\"https:\/\/www.jepvenezuela.com\/museo-de-la-memoria-y-la-represion\/wp-content\/uploads\/sites\/2\/2020\/12\/canva-photo-editor-30-min.jpg 1670w, https:\/\/www.jepvenezuela.com\/museo-de-la-memoria-y-la-represion\/wp-content\/uploads\/sites\/2\/2020\/12\/canva-photo-editor-30-min-1536x993.jpg 1536w\" sizes=\"(max-width: 1670px) 100vw, 1670px\" \/><\/figure>\n<\/figure>\n\n\n\n<div style=\"height:100px\" aria-hidden=\"true\" class=\"wp-block-spacer\"><\/div>\n\n\n\n<hr class=\"wp-block-separator has-text-color has-white-color has-css-opacity has-white-background-color has-background\" \/>\n\n\n\n<div style=\"height:100px\" aria-hidden=\"true\" class=\"wp-block-spacer\"><\/div>\n\n\n\n<h2>Postales de la memoria&nbsp;<\/h2>\n\n\n\n<figure class=\"wp-block-gallery has-nested-images columns-default is-cropped wp-block-gallery-2 is-layout-flex wp-block-gallery-is-layout-flex\">\n<figure class=\"wp-block-image size-large\"><img loading=\"lazy\" decoding=\"async\" width=\"1620\" height=\"1080\" data-id=\"224\" src=\"https:\/\/www.jepvenezuela.com\/museo-de-la-memoria-y-la-represion\/wp-content\/uploads\/sites\/2\/2020\/11\/20200125113323_img_5749.jpg\" alt=\"\" class=\"wp-image-224\" srcset=\"https:\/\/www.jepvenezuela.com\/museo-de-la-memoria-y-la-represion\/wp-content\/uploads\/sites\/2\/2020\/11\/20200125113323_img_5749.jpg 1620w, https:\/\/www.jepvenezuela.com\/museo-de-la-memoria-y-la-represion\/wp-content\/uploads\/sites\/2\/2020\/11\/20200125113323_img_5749-1536x1024.jpg 1536w\" sizes=\"(max-width: 1620px) 100vw, 1620px\" \/><\/figure>\n\n\n\n<figure class=\"wp-block-image size-large\"><img loading=\"lazy\" decoding=\"async\" width=\"1620\" height=\"1080\" data-id=\"225\" src=\"https:\/\/www.jepvenezuela.com\/museo-de-la-memoria-y-la-represion\/wp-content\/uploads\/sites\/2\/2020\/11\/20200125113434_img_5751-min.jpg\" alt=\"\" class=\"wp-image-225\" srcset=\"https:\/\/www.jepvenezuela.com\/museo-de-la-memoria-y-la-represion\/wp-content\/uploads\/sites\/2\/2020\/11\/20200125113434_img_5751-min.jpg 1620w, https:\/\/www.jepvenezuela.com\/museo-de-la-memoria-y-la-represion\/wp-content\/uploads\/sites\/2\/2020\/11\/20200125113434_img_5751-min-1536x1024.jpg 1536w\" sizes=\"(max-width: 1620px) 100vw, 1620px\" \/><\/figure>\n<figcaption class=\"blocks-gallery-caption wp-element-caption\">La Isabelica, estado Carabobo. Lugar donde fue asesinado Guillermo S\u00e1nchez <\/figcaption><\/figure>\n\n\n\n<div style=\"height:100px\" aria-hidden=\"true\" class=\"wp-block-spacer\"><\/div>\n\n\n\n<hr class=\"wp-block-separator has-text-color has-white-color has-css-opacity has-white-background-color has-background\" \/>\n\n\n\n<h2>#JEPVzla Construyendo Memoria<\/h2>\n<h5>Desde Justicia, Encuentro y Perd\u00f3n trabajamos diariamente en la construcci\u00f3n de memoria como forma de honrar a los ca\u00eddos y sus familias, as\u00ed como para que hechos como los ocurridos no se vuelvan a repetir en nuestro pa\u00eds. En esta secci\u00f3n podr\u00e1s encontrar todo el material producido por la organizaci\u00f3n:<\/h5>\n\n\n\n<div style=\"height:100px\" aria-hidden=\"true\" class=\"wp-block-spacer\"><\/div>\n\n\n\n<figure class=\"wp-block-embed is-type-wp-embed is-provider-jep-venezuela wp-block-embed-jep-venezuela\"><div class=\"wp-block-embed__wrapper\">\n<blockquote class=\"wp-embedded-content\" data-secret=\"GbCkEOHHCm\"><a href=\"https:\/\/www.jepvenezuela.com\/2021\/03\/12\/cronica-a-7-anos-del-asesinato-de-guillermo-sanchez-su-esposa-sostiene-en-venezuela-no-hay-justicia\/\">CR\u00d3NICA | A 7 a\u00f1os del asesinato de Guillermo S\u00e1nchez, su esposa sostiene: \u201c\u00a1En Venezuela no hay justicia!\u201d<\/a><\/blockquote><iframe class=\"wp-embedded-content\" sandbox=\"allow-scripts\" security=\"restricted\" style=\"position: absolute; clip: rect(1px, 1px, 1px, 1px);\" title=\"\u00abCR\u00d3NICA | A 7 a\u00f1os del asesinato de Guillermo S\u00e1nchez, su esposa sostiene: \u201c\u00a1En Venezuela no hay justicia!\u201d\u00bb \u2014 JEP Venezuela\" src=\"https:\/\/www.jepvenezuela.com\/2021\/03\/12\/cronica-a-7-anos-del-asesinato-de-guillermo-sanchez-su-esposa-sostiene-en-venezuela-no-hay-justicia\/embed\/#?secret=DgbZGyzjmZ#?secret=GbCkEOHHCm\" data-secret=\"GbCkEOHHCm\" width=\"600\" height=\"338\" frameborder=\"0\" marginwidth=\"0\" marginheight=\"0\" scrolling=\"no\"><\/iframe>\n<\/div><\/figure>\n\n\n\n<figure class=\"wp-block-embed is-type-video is-provider-youtube wp-block-embed-youtube wp-embed-aspect-16-9 wp-has-aspect-ratio\"><div class=\"wp-block-embed__wrapper\">\n<iframe title=\"Memorias de la Represi\u00f3n - Episodio 8: Guillermo S\u00e1nchez\" width=\"992\" height=\"558\" src=\"https:\/\/www.youtube.com\/embed\/19XCOCo3wGM?list=PLmbPl8khuR2b5opJ0_OapPVsBLqrwIO60\" frameborder=\"0\" allow=\"accelerometer; autoplay; clipboard-write; encrypted-media; gyroscope; picture-in-picture; web-share\" allowfullscreen><\/iframe>\n<\/div><\/figure>\n\n\n\n<div style=\"height:100px\" aria-hidden=\"true\" class=\"wp-block-spacer\"><\/div>\n\n\n\n<h2 style=\"text-align: center\">#RecordarEsJusticia<\/h2>\n\n\n\n<p><\/p>\n","protected":false},"featured_media":223,"parent":0,"menu_order":0,"template":"","caidos_cat":[2],"class_list":["post-221","caidos","type-caidos","status-publish","has-post-thumbnail","hentry","caidos_cat-los-del-2014-2015"],"acf":[],"yoast_head":"<!-- This site is optimized with the Yoast SEO plugin v26.7 - https:\/\/yoast.com\/wordpress\/plugins\/seo\/ -->\n<title>Guillermo Alfonso S\u00e1nchez Vel\u00e1squez - Museo de la Memoria y la Represi\u00f3n - JEP Venezuela<\/title>\n<meta name=\"robots\" content=\"index, follow, max-snippet:-1, max-image-preview:large, max-video-preview:-1\" \/>\n<link rel=\"canonical\" href=\"https:\/\/www.jepvenezuela.com\/museo-de-la-memoria-y-la-represion\/caidos\/guillermo-alfonso-sanchez-velasquez\/\" \/>\n<meta property=\"og:locale\" content=\"es_ES\" \/>\n<meta property=\"og:type\" content=\"article\" \/>\n<meta property=\"og:title\" content=\"Guillermo Alfonso S\u00e1nchez Vel\u00e1squez - Museo de la Memoria y la Represi\u00f3n - JEP Venezuela\" \/>\n<meta property=\"og:description\" content=\"Muerto en el contexto de una manifestaci\u00f3n, el 12 de marzo 2014. Edad: 42 a\u00f1os. Profesi\u00f3n y\/o Oficio: Alba\u00f1il.\u00a0 Presuntos responsables: Civiles armados pro gobierno \u00abColectivos\u00bb Estado: Carabobo.\u00a0 Rese\u00f1a del caso: El 12 de marzo de 2014, mientras transitaba por la avenida Henry Ford de la urbanizaci\u00f3n La Isabelica, en el estado Carabobo, Guillermo S\u00e1nchez, [&hellip;]\" \/>\n<meta property=\"og:url\" content=\"https:\/\/www.jepvenezuela.com\/museo-de-la-memoria-y-la-represion\/caidos\/guillermo-alfonso-sanchez-velasquez\/\" \/>\n<meta property=\"og:site_name\" content=\"Museo de la Memoria y la Represi\u00f3n - JEP Venezuela\" \/>\n<meta property=\"article:publisher\" content=\"https:\/\/www.facebook.com\/JEPVenezuela\" \/>\n<meta property=\"article:modified_time\" content=\"2023-06-19T16:47:49+00:00\" \/>\n<meta property=\"og:image\" content=\"https:\/\/www.jepvenezuela.com\/museo-de-la-memoria-y-la-represion\/wp-content\/uploads\/sites\/2\/2020\/11\/imagenes-museo-8.jpg\" \/>\n\t<meta property=\"og:image:width\" content=\"1920\" \/>\n\t<meta property=\"og:image:height\" content=\"1080\" \/>\n\t<meta property=\"og:image:type\" content=\"image\/jpeg\" \/>\n<meta name=\"twitter:card\" content=\"summary_large_image\" \/>\n<meta name=\"twitter:site\" content=\"@JEPvzla\" \/>\n<meta name=\"twitter:label1\" content=\"Tiempo de lectura\" \/>\n\t<meta name=\"twitter:data1\" content=\"2 minutos\" \/>\n<script type=\"application\/ld+json\" class=\"yoast-schema-graph\">{\"@context\":\"https:\/\/schema.org\",\"@graph\":[{\"@type\":\"WebPage\",\"@id\":\"https:\/\/www.jepvenezuela.com\/museo-de-la-memoria-y-la-represion\/caidos\/guillermo-alfonso-sanchez-velasquez\/\",\"url\":\"https:\/\/www.jepvenezuela.com\/museo-de-la-memoria-y-la-represion\/caidos\/guillermo-alfonso-sanchez-velasquez\/\",\"name\":\"Guillermo Alfonso S\u00e1nchez Vel\u00e1squez - Museo de la Memoria y la Represi\u00f3n - JEP Venezuela\",\"isPartOf\":{\"@id\":\"https:\/\/www.jepvenezuela.com\/museo-de-la-memoria-y-la-represion\/#website\"},\"primaryImageOfPage\":{\"@id\":\"https:\/\/www.jepvenezuela.com\/museo-de-la-memoria-y-la-represion\/caidos\/guillermo-alfonso-sanchez-velasquez\/#primaryimage\"},\"image\":{\"@id\":\"https:\/\/www.jepvenezuela.com\/museo-de-la-memoria-y-la-represion\/caidos\/guillermo-alfonso-sanchez-velasquez\/#primaryimage\"},\"thumbnailUrl\":\"https:\/\/www.jepvenezuela.com\/museo-de-la-memoria-y-la-represion\/wp-content\/uploads\/sites\/2\/2020\/11\/imagenes-museo-8.jpg\",\"datePublished\":\"2020-11-30T20:10:32+00:00\",\"dateModified\":\"2023-06-19T16:47:49+00:00\",\"breadcrumb\":{\"@id\":\"https:\/\/www.jepvenezuela.com\/museo-de-la-memoria-y-la-represion\/caidos\/guillermo-alfonso-sanchez-velasquez\/#breadcrumb\"},\"inLanguage\":\"es\",\"potentialAction\":[{\"@type\":\"ReadAction\",\"target\":[\"https:\/\/www.jepvenezuela.com\/museo-de-la-memoria-y-la-represion\/caidos\/guillermo-alfonso-sanchez-velasquez\/\"]}]},{\"@type\":\"ImageObject\",\"inLanguage\":\"es\",\"@id\":\"https:\/\/www.jepvenezuela.com\/museo-de-la-memoria-y-la-represion\/caidos\/guillermo-alfonso-sanchez-velasquez\/#primaryimage\",\"url\":\"https:\/\/www.jepvenezuela.com\/museo-de-la-memoria-y-la-represion\/wp-content\/uploads\/sites\/2\/2020\/11\/imagenes-museo-8.jpg\",\"contentUrl\":\"https:\/\/www.jepvenezuela.com\/museo-de-la-memoria-y-la-represion\/wp-content\/uploads\/sites\/2\/2020\/11\/imagenes-museo-8.jpg\",\"width\":1920,\"height\":1080},{\"@type\":\"BreadcrumbList\",\"@id\":\"https:\/\/www.jepvenezuela.com\/museo-de-la-memoria-y-la-represion\/caidos\/guillermo-alfonso-sanchez-velasquez\/#breadcrumb\",\"itemListElement\":[{\"@type\":\"ListItem\",\"position\":1,\"name\":\"Portada\",\"item\":\"https:\/\/www.jepvenezuela.com\/museo-de-la-memoria-y-la-represion\/\"},{\"@type\":\"ListItem\",\"position\":2,\"name\":\"Ca\u00eddos\",\"item\":\"https:\/\/www.jepvenezuela.com\/museo-de-la-memoria-y-la-represion\/caidos\/\"},{\"@type\":\"ListItem\",\"position\":3,\"name\":\"Guillermo Alfonso S\u00e1nchez Vel\u00e1squez\"}]},{\"@type\":\"WebSite\",\"@id\":\"https:\/\/www.jepvenezuela.com\/museo-de-la-memoria-y-la-represion\/#website\",\"url\":\"https:\/\/www.jepvenezuela.com\/museo-de-la-memoria-y-la-represion\/\",\"name\":\"Museo de la Memoria y la Represi\u00f3n - JEP Venezuela\",\"description\":\"Un espacio dedicado a honrar la memoria de los venezolanos que fueron asesinados en el contexto de las manifestaciones pac\u00edficas desde el a\u00f1o 2014 hasta la actualidad\",\"potentialAction\":[{\"@type\":\"SearchAction\",\"target\":{\"@type\":\"EntryPoint\",\"urlTemplate\":\"https:\/\/www.jepvenezuela.com\/museo-de-la-memoria-y-la-represion\/?s={search_term_string}\"},\"query-input\":{\"@type\":\"PropertyValueSpecification\",\"valueRequired\":true,\"valueName\":\"search_term_string\"}}],\"inLanguage\":\"es\"}]}<\/script>\n<!-- \/ Yoast SEO plugin. -->","yoast_head_json":{"title":"Guillermo Alfonso S\u00e1nchez Vel\u00e1squez - Museo de la Memoria y la Represi\u00f3n - JEP Venezuela","robots":{"index":"index","follow":"follow","max-snippet":"max-snippet:-1","max-image-preview":"max-image-preview:large","max-video-preview":"max-video-preview:-1"},"canonical":"https:\/\/www.jepvenezuela.com\/museo-de-la-memoria-y-la-represion\/caidos\/guillermo-alfonso-sanchez-velasquez\/","og_locale":"es_ES","og_type":"article","og_title":"Guillermo Alfonso S\u00e1nchez Vel\u00e1squez - Museo de la Memoria y la Represi\u00f3n - JEP Venezuela","og_description":"Muerto en el contexto de una manifestaci\u00f3n, el 12 de marzo 2014. Edad: 42 a\u00f1os. Profesi\u00f3n y\/o Oficio: Alba\u00f1il.\u00a0 Presuntos responsables: Civiles armados pro gobierno \u00abColectivos\u00bb Estado: Carabobo.\u00a0 Rese\u00f1a del caso: El 12 de marzo de 2014, mientras transitaba por la avenida Henry Ford de la urbanizaci\u00f3n La Isabelica, en el estado Carabobo, Guillermo S\u00e1nchez, [&hellip;]","og_url":"https:\/\/www.jepvenezuela.com\/museo-de-la-memoria-y-la-represion\/caidos\/guillermo-alfonso-sanchez-velasquez\/","og_site_name":"Museo de la Memoria y la Represi\u00f3n - JEP Venezuela","article_publisher":"https:\/\/www.facebook.com\/JEPVenezuela","article_modified_time":"2023-06-19T16:47:49+00:00","og_image":[{"width":1920,"height":1080,"url":"https:\/\/www.jepvenezuela.com\/museo-de-la-memoria-y-la-represion\/wp-content\/uploads\/sites\/2\/2020\/11\/imagenes-museo-8.jpg","type":"image\/jpeg"}],"twitter_card":"summary_large_image","twitter_site":"@JEPvzla","twitter_misc":{"Tiempo de lectura":"2 minutos"},"schema":{"@context":"https:\/\/schema.org","@graph":[{"@type":"WebPage","@id":"https:\/\/www.jepvenezuela.com\/museo-de-la-memoria-y-la-represion\/caidos\/guillermo-alfonso-sanchez-velasquez\/","url":"https:\/\/www.jepvenezuela.com\/museo-de-la-memoria-y-la-represion\/caidos\/guillermo-alfonso-sanchez-velasquez\/","name":"Guillermo Alfonso S\u00e1nchez Vel\u00e1squez - Museo de la Memoria y la Represi\u00f3n - JEP Venezuela","isPartOf":{"@id":"https:\/\/www.jepvenezuela.com\/museo-de-la-memoria-y-la-represion\/#website"},"primaryImageOfPage":{"@id":"https:\/\/www.jepvenezuela.com\/museo-de-la-memoria-y-la-represion\/caidos\/guillermo-alfonso-sanchez-velasquez\/#primaryimage"},"image":{"@id":"https:\/\/www.jepvenezuela.com\/museo-de-la-memoria-y-la-represion\/caidos\/guillermo-alfonso-sanchez-velasquez\/#primaryimage"},"thumbnailUrl":"https:\/\/www.jepvenezuela.com\/museo-de-la-memoria-y-la-represion\/wp-content\/uploads\/sites\/2\/2020\/11\/imagenes-museo-8.jpg","datePublished":"2020-11-30T20:10:32+00:00","dateModified":"2023-06-19T16:47:49+00:00","breadcrumb":{"@id":"https:\/\/www.jepvenezuela.com\/museo-de-la-memoria-y-la-represion\/caidos\/guillermo-alfonso-sanchez-velasquez\/#breadcrumb"},"inLanguage":"es","potentialAction":[{"@type":"ReadAction","target":["https:\/\/www.jepvenezuela.com\/museo-de-la-memoria-y-la-represion\/caidos\/guillermo-alfonso-sanchez-velasquez\/"]}]},{"@type":"ImageObject","inLanguage":"es","@id":"https:\/\/www.jepvenezuela.com\/museo-de-la-memoria-y-la-represion\/caidos\/guillermo-alfonso-sanchez-velasquez\/#primaryimage","url":"https:\/\/www.jepvenezuela.com\/museo-de-la-memoria-y-la-represion\/wp-content\/uploads\/sites\/2\/2020\/11\/imagenes-museo-8.jpg","contentUrl":"https:\/\/www.jepvenezuela.com\/museo-de-la-memoria-y-la-represion\/wp-content\/uploads\/sites\/2\/2020\/11\/imagenes-museo-8.jpg","width":1920,"height":1080},{"@type":"BreadcrumbList","@id":"https:\/\/www.jepvenezuela.com\/museo-de-la-memoria-y-la-represion\/caidos\/guillermo-alfonso-sanchez-velasquez\/#breadcrumb","itemListElement":[{"@type":"ListItem","position":1,"name":"Portada","item":"https:\/\/www.jepvenezuela.com\/museo-de-la-memoria-y-la-represion\/"},{"@type":"ListItem","position":2,"name":"Ca\u00eddos","item":"https:\/\/www.jepvenezuela.com\/museo-de-la-memoria-y-la-represion\/caidos\/"},{"@type":"ListItem","position":3,"name":"Guillermo Alfonso S\u00e1nchez Vel\u00e1squez"}]},{"@type":"WebSite","@id":"https:\/\/www.jepvenezuela.com\/museo-de-la-memoria-y-la-represion\/#website","url":"https:\/\/www.jepvenezuela.com\/museo-de-la-memoria-y-la-represion\/","name":"Museo de la Memoria y la Represi\u00f3n - JEP Venezuela","description":"Un espacio dedicado a honrar la memoria de los venezolanos que fueron asesinados en el contexto de las manifestaciones pac\u00edficas desde el a\u00f1o 2014 hasta la actualidad","potentialAction":[{"@type":"SearchAction","target":{"@type":"EntryPoint","urlTemplate":"https:\/\/www.jepvenezuela.com\/museo-de-la-memoria-y-la-represion\/?s={search_term_string}"},"query-input":{"@type":"PropertyValueSpecification","valueRequired":true,"valueName":"search_term_string"}}],"inLanguage":"es"}]}},"_links":{"self":[{"href":"https:\/\/www.jepvenezuela.com\/museo-de-la-memoria-y-la-represion\/wp-json\/wp\/v2\/caidos\/221","targetHints":{"allow":["GET"]}}],"collection":[{"href":"https:\/\/www.jepvenezuela.com\/museo-de-la-memoria-y-la-represion\/wp-json\/wp\/v2\/caidos"}],"about":[{"href":"https:\/\/www.jepvenezuela.com\/museo-de-la-memoria-y-la-represion\/wp-json\/wp\/v2\/types\/caidos"}],"wp:featuredmedia":[{"embeddable":true,"href":"https:\/\/www.jepvenezuela.com\/museo-de-la-memoria-y-la-represion\/wp-json\/wp\/v2\/media\/223"}],"wp:attachment":[{"href":"https:\/\/www.jepvenezuela.com\/museo-de-la-memoria-y-la-represion\/wp-json\/wp\/v2\/media?parent=221"}],"wp:term":[{"taxonomy":"caidos_cat","embeddable":true,"href":"https:\/\/www.jepvenezuela.com\/museo-de-la-memoria-y-la-represion\/wp-json\/wp\/v2\/caidos_cat?post=221"}],"curies":[{"name":"wp","href":"https:\/\/api.w.org\/{rel}","templated":true}]}}