{"id":433,"date":"2020-12-04T02:47:26","date_gmt":"2020-12-04T02:47:26","guid":{"rendered":"https:\/\/test.jepvenezuela.com\/museo-de-la-memoria-y-la-represion\/?post_type=caidos&#038;p=433"},"modified":"2022-04-25T16:05:31","modified_gmt":"2022-04-25T16:05:31","slug":"angel-enrique-moreira-gonzalez","status":"publish","type":"caidos","link":"https:\/\/www.jepvenezuela.com\/museo-de-la-memoria-y-la-represion\/caidos\/angel-enrique-moreira-gonzalez\/","title":{"rendered":"\u00c1ngel Enrique Moreira Gonz\u00e1lez"},"content":{"rendered":"\n<div style=\"height:52px\" aria-hidden=\"true\" class=\"wp-block-spacer\"><\/div>\n\n\n\n<h2>Muerto en el contexto de manifestaciones, el 2 de mayo de 2017.<\/h2>\n<p><strong>Edad:<\/strong> 28 a\u00f1os. <br \/><br \/><strong>Profesi\u00f3n y\/o Oficio:<\/strong> Deportista, Nadador.<\/p>\n<p><br \/><strong>Presuntos responsables:<\/strong> Sin identificar.<\/p>\n<p><strong>Estado:<\/strong> Miranda.<br \/><br \/><strong>Rese\u00f1a del caso:<\/strong>\u00a0El 2 de mayo de 2017, mientras transitaba con su moto por la autopista Prados del Este, a la altura de Santa Fe, en el municipio Baruta del estado Miranda, \u00c1ngel Moreira, de 28 a\u00f1os de edad, fue arrollado cuando una camioneta en contraflujo lo impact\u00f3 de frente, tratando de evadir una barricada. El victimario huy\u00f3 de la escena luego de atropellar al joven.<\/p>\n<p>\u00a0<\/p>\n<p><strong>Estatus Judicial:<\/strong> En proceso de investigaci\u00f3n por parte del Ministerio P\u00fablico<\/p>\n<h5>\u00a0\u00a0\u00a0\u00a0\u00a0\u00a0\u00a0\u00a0\u00a0\u00a0\u00a0\u00a0\u00a0\u00a0\u00a0\u00a0\u00a0\u00a0\u00a0<\/h5>\n\n\n\n<div style=\"height:51px\" aria-hidden=\"true\" class=\"wp-block-spacer\"><\/div>\n\n\n\n<h2><strong>El Estado es responsable de investigar r\u00e1pida y eficazmente las muertes ocurridas en el marco de las protestas.<\/strong><\/h2>\n<h2>&nbsp;<\/h2>\n\n\n\n<div style=\"height:100px\" aria-hidden=\"true\" class=\"wp-block-spacer\"><\/div>\n\n\n\n<hr class=\"wp-block-separator has-text-color has-background has-white-background-color has-white-color\" \/>\n\n\n\n<div style=\"height:100px\" aria-hidden=\"true\" class=\"wp-block-spacer\"><\/div>\n\n\n\n<h2>Recuerdos de \u00c1ngel&nbsp;<\/h2>\n\n\n\n<figure class=\"wp-block-gallery has-nested-images columns-default is-cropped wp-block-gallery-1 is-layout-flex wp-block-gallery-is-layout-flex\">\n<figure class=\"wp-block-image size-large\"><img fetchpriority=\"high\" decoding=\"async\" width=\"1080\" height=\"1080\" data-id=\"676\" src=\"https:\/\/www.jepvenezuela.com\/museo-de-la-memoria-y-la-represion\/wp-content\/uploads\/sites\/2\/2020\/12\/angel-moreira-005.jpg\" alt=\"\" class=\"wp-image-676\" srcset=\"https:\/\/www.jepvenezuela.com\/museo-de-la-memoria-y-la-represion\/wp-content\/uploads\/sites\/2\/2020\/12\/angel-moreira-005.jpg 1080w, https:\/\/www.jepvenezuela.com\/museo-de-la-memoria-y-la-represion\/wp-content\/uploads\/sites\/2\/2020\/12\/angel-moreira-005-150x150.jpg 150w\" sizes=\"(max-width: 1080px) 100vw, 1080px\" \/><\/figure>\n\n\n\n<figure class=\"wp-block-image size-large\"><img decoding=\"async\" width=\"1920\" height=\"1080\" data-id=\"678\" src=\"https:\/\/www.jepvenezuela.com\/museo-de-la-memoria-y-la-represion\/wp-content\/uploads\/sites\/2\/2020\/12\/angel-moreira-002.jpg\" alt=\"\" class=\"wp-image-678\" srcset=\"https:\/\/www.jepvenezuela.com\/museo-de-la-memoria-y-la-represion\/wp-content\/uploads\/sites\/2\/2020\/12\/angel-moreira-002.jpg 1920w, https:\/\/www.jepvenezuela.com\/museo-de-la-memoria-y-la-represion\/wp-content\/uploads\/sites\/2\/2020\/12\/angel-moreira-002-825x464.jpg 825w, https:\/\/www.jepvenezuela.com\/museo-de-la-memoria-y-la-represion\/wp-content\/uploads\/sites\/2\/2020\/12\/angel-moreira-002-1536x864.jpg 1536w\" sizes=\"(max-width: 1920px) 100vw, 1920px\" \/><\/figure>\n\n\n\n<figure class=\"wp-block-image size-large\"><img decoding=\"async\" width=\"1920\" height=\"1080\" data-id=\"679\" src=\"https:\/\/www.jepvenezuela.com\/museo-de-la-memoria-y-la-represion\/wp-content\/uploads\/sites\/2\/2020\/12\/angel-moreira-001.jpg\" alt=\"\" class=\"wp-image-679\" srcset=\"https:\/\/www.jepvenezuela.com\/museo-de-la-memoria-y-la-represion\/wp-content\/uploads\/sites\/2\/2020\/12\/angel-moreira-001.jpg 1920w, https:\/\/www.jepvenezuela.com\/museo-de-la-memoria-y-la-represion\/wp-content\/uploads\/sites\/2\/2020\/12\/angel-moreira-001-825x464.jpg 825w, https:\/\/www.jepvenezuela.com\/museo-de-la-memoria-y-la-represion\/wp-content\/uploads\/sites\/2\/2020\/12\/angel-moreira-001-1536x864.jpg 1536w\" sizes=\"(max-width: 1920px) 100vw, 1920px\" \/><\/figure>\n<\/figure>\n\n\n\n<div style=\"height:100px\" aria-hidden=\"true\" class=\"wp-block-spacer\"><\/div>\n\n\n\n<hr class=\"wp-block-separator has-text-color has-background has-white-background-color has-white-color\" \/>\n\n\n\n<div style=\"height:100px\" aria-hidden=\"true\" class=\"wp-block-spacer\"><\/div>\n\n\n\n<h1 style=\"text-align: center\">#RecordarEsJusticia<\/h1>\n","protected":false},"featured_media":563,"parent":0,"menu_order":0,"template":"","caidos_cat":[3],"class_list":["post-433","caidos","type-caidos","status-publish","has-post-thumbnail","hentry","caidos_cat-los-del-2017-2018"],"acf":[],"yoast_head":"<!-- This site is optimized with the Yoast SEO plugin v26.7 - https:\/\/yoast.com\/wordpress\/plugins\/seo\/ -->\n<title>\u00c1ngel Enrique Moreira Gonz\u00e1lez - Museo de la Memoria y la Represi\u00f3n - JEP Venezuela<\/title>\n<meta name=\"robots\" content=\"index, follow, max-snippet:-1, max-image-preview:large, max-video-preview:-1\" \/>\n<link rel=\"canonical\" href=\"https:\/\/www.jepvenezuela.com\/museo-de-la-memoria-y-la-represion\/caidos\/angel-enrique-moreira-gonzalez\/\" \/>\n<meta property=\"og:locale\" content=\"es_ES\" \/>\n<meta property=\"og:type\" content=\"article\" \/>\n<meta property=\"og:title\" content=\"\u00c1ngel Enrique Moreira Gonz\u00e1lez - Museo de la Memoria y la Represi\u00f3n - JEP Venezuela\" \/>\n<meta property=\"og:description\" content=\"Muerto en el contexto de manifestaciones, el 2 de mayo de 2017. Edad: 28 a\u00f1os. Profesi\u00f3n y\/o Oficio: Deportista, Nadador. Presuntos responsables: Sin identificar. Estado: Miranda. Rese\u00f1a del caso:\u00a0El 2 de mayo de 2017, mientras transitaba con su moto por la autopista Prados del Este, a la altura de Santa Fe, en el municipio Baruta [&hellip;]\" \/>\n<meta property=\"og:url\" content=\"https:\/\/www.jepvenezuela.com\/museo-de-la-memoria-y-la-represion\/caidos\/angel-enrique-moreira-gonzalez\/\" \/>\n<meta property=\"og:site_name\" content=\"Museo de la Memoria y la Represi\u00f3n - JEP Venezuela\" \/>\n<meta property=\"article:publisher\" content=\"https:\/\/www.facebook.com\/JEPVenezuela\" \/>\n<meta property=\"article:modified_time\" content=\"2022-04-25T16:05:31+00:00\" \/>\n<meta property=\"og:image\" content=\"https:\/\/www.jepvenezuela.com\/museo-de-la-memoria-y-la-represion\/wp-content\/uploads\/sites\/2\/2020\/12\/imagenes-museo-39.jpg\" \/>\n\t<meta property=\"og:image:width\" content=\"1920\" \/>\n\t<meta property=\"og:image:height\" content=\"1080\" \/>\n\t<meta property=\"og:image:type\" content=\"image\/jpeg\" \/>\n<meta name=\"twitter:card\" content=\"summary_large_image\" \/>\n<meta name=\"twitter:site\" content=\"@JEPvzla\" \/>\n<meta name=\"twitter:label1\" content=\"Tiempo de lectura\" \/>\n\t<meta name=\"twitter:data1\" content=\"2 minutos\" \/>\n<script type=\"application\/ld+json\" class=\"yoast-schema-graph\">{\"@context\":\"https:\/\/schema.org\",\"@graph\":[{\"@type\":\"WebPage\",\"@id\":\"https:\/\/www.jepvenezuela.com\/museo-de-la-memoria-y-la-represion\/caidos\/angel-enrique-moreira-gonzalez\/\",\"url\":\"https:\/\/www.jepvenezuela.com\/museo-de-la-memoria-y-la-represion\/caidos\/angel-enrique-moreira-gonzalez\/\",\"name\":\"\u00c1ngel Enrique Moreira Gonz\u00e1lez - Museo de la Memoria y la Represi\u00f3n - JEP Venezuela\",\"isPartOf\":{\"@id\":\"https:\/\/www.jepvenezuela.com\/museo-de-la-memoria-y-la-represion\/#website\"},\"primaryImageOfPage\":{\"@id\":\"https:\/\/www.jepvenezuela.com\/museo-de-la-memoria-y-la-represion\/caidos\/angel-enrique-moreira-gonzalez\/#primaryimage\"},\"image\":{\"@id\":\"https:\/\/www.jepvenezuela.com\/museo-de-la-memoria-y-la-represion\/caidos\/angel-enrique-moreira-gonzalez\/#primaryimage\"},\"thumbnailUrl\":\"https:\/\/www.jepvenezuela.com\/museo-de-la-memoria-y-la-represion\/wp-content\/uploads\/sites\/2\/2020\/12\/imagenes-museo-39.jpg\",\"datePublished\":\"2020-12-04T02:47:26+00:00\",\"dateModified\":\"2022-04-25T16:05:31+00:00\",\"breadcrumb\":{\"@id\":\"https:\/\/www.jepvenezuela.com\/museo-de-la-memoria-y-la-represion\/caidos\/angel-enrique-moreira-gonzalez\/#breadcrumb\"},\"inLanguage\":\"es\",\"potentialAction\":[{\"@type\":\"ReadAction\",\"target\":[\"https:\/\/www.jepvenezuela.com\/museo-de-la-memoria-y-la-represion\/caidos\/angel-enrique-moreira-gonzalez\/\"]}]},{\"@type\":\"ImageObject\",\"inLanguage\":\"es\",\"@id\":\"https:\/\/www.jepvenezuela.com\/museo-de-la-memoria-y-la-represion\/caidos\/angel-enrique-moreira-gonzalez\/#primaryimage\",\"url\":\"https:\/\/www.jepvenezuela.com\/museo-de-la-memoria-y-la-represion\/wp-content\/uploads\/sites\/2\/2020\/12\/imagenes-museo-39.jpg\",\"contentUrl\":\"https:\/\/www.jepvenezuela.com\/museo-de-la-memoria-y-la-represion\/wp-content\/uploads\/sites\/2\/2020\/12\/imagenes-museo-39.jpg\",\"width\":1920,\"height\":1080},{\"@type\":\"BreadcrumbList\",\"@id\":\"https:\/\/www.jepvenezuela.com\/museo-de-la-memoria-y-la-represion\/caidos\/angel-enrique-moreira-gonzalez\/#breadcrumb\",\"itemListElement\":[{\"@type\":\"ListItem\",\"position\":1,\"name\":\"Portada\",\"item\":\"https:\/\/www.jepvenezuela.com\/museo-de-la-memoria-y-la-represion\/\"},{\"@type\":\"ListItem\",\"position\":2,\"name\":\"Ca\u00eddos\",\"item\":\"https:\/\/www.jepvenezuela.com\/museo-de-la-memoria-y-la-represion\/caidos\/\"},{\"@type\":\"ListItem\",\"position\":3,\"name\":\"\u00c1ngel Enrique Moreira Gonz\u00e1lez\"}]},{\"@type\":\"WebSite\",\"@id\":\"https:\/\/www.jepvenezuela.com\/museo-de-la-memoria-y-la-represion\/#website\",\"url\":\"https:\/\/www.jepvenezuela.com\/museo-de-la-memoria-y-la-represion\/\",\"name\":\"Museo de la Memoria y la Represi\u00f3n - JEP Venezuela\",\"description\":\"Un espacio dedicado a honrar la memoria de los venezolanos que fueron asesinados en el contexto de las manifestaciones pac\u00edficas desde el a\u00f1o 2014 hasta la actualidad\",\"potentialAction\":[{\"@type\":\"SearchAction\",\"target\":{\"@type\":\"EntryPoint\",\"urlTemplate\":\"https:\/\/www.jepvenezuela.com\/museo-de-la-memoria-y-la-represion\/?s={search_term_string}\"},\"query-input\":{\"@type\":\"PropertyValueSpecification\",\"valueRequired\":true,\"valueName\":\"search_term_string\"}}],\"inLanguage\":\"es\"}]}<\/script>\n<!-- \/ Yoast SEO plugin. -->","yoast_head_json":{"title":"\u00c1ngel Enrique Moreira Gonz\u00e1lez - Museo de la Memoria y la Represi\u00f3n - JEP Venezuela","robots":{"index":"index","follow":"follow","max-snippet":"max-snippet:-1","max-image-preview":"max-image-preview:large","max-video-preview":"max-video-preview:-1"},"canonical":"https:\/\/www.jepvenezuela.com\/museo-de-la-memoria-y-la-represion\/caidos\/angel-enrique-moreira-gonzalez\/","og_locale":"es_ES","og_type":"article","og_title":"\u00c1ngel Enrique Moreira Gonz\u00e1lez - Museo de la Memoria y la Represi\u00f3n - JEP Venezuela","og_description":"Muerto en el contexto de manifestaciones, el 2 de mayo de 2017. Edad: 28 a\u00f1os. Profesi\u00f3n y\/o Oficio: Deportista, Nadador. Presuntos responsables: Sin identificar. Estado: Miranda. Rese\u00f1a del caso:\u00a0El 2 de mayo de 2017, mientras transitaba con su moto por la autopista Prados del Este, a la altura de Santa Fe, en el municipio Baruta [&hellip;]","og_url":"https:\/\/www.jepvenezuela.com\/museo-de-la-memoria-y-la-represion\/caidos\/angel-enrique-moreira-gonzalez\/","og_site_name":"Museo de la Memoria y la Represi\u00f3n - JEP Venezuela","article_publisher":"https:\/\/www.facebook.com\/JEPVenezuela","article_modified_time":"2022-04-25T16:05:31+00:00","og_image":[{"width":1920,"height":1080,"url":"https:\/\/www.jepvenezuela.com\/museo-de-la-memoria-y-la-represion\/wp-content\/uploads\/sites\/2\/2020\/12\/imagenes-museo-39.jpg","type":"image\/jpeg"}],"twitter_card":"summary_large_image","twitter_site":"@JEPvzla","twitter_misc":{"Tiempo de lectura":"2 minutos"},"schema":{"@context":"https:\/\/schema.org","@graph":[{"@type":"WebPage","@id":"https:\/\/www.jepvenezuela.com\/museo-de-la-memoria-y-la-represion\/caidos\/angel-enrique-moreira-gonzalez\/","url":"https:\/\/www.jepvenezuela.com\/museo-de-la-memoria-y-la-represion\/caidos\/angel-enrique-moreira-gonzalez\/","name":"\u00c1ngel Enrique Moreira Gonz\u00e1lez - Museo de la Memoria y la Represi\u00f3n - JEP Venezuela","isPartOf":{"@id":"https:\/\/www.jepvenezuela.com\/museo-de-la-memoria-y-la-represion\/#website"},"primaryImageOfPage":{"@id":"https:\/\/www.jepvenezuela.com\/museo-de-la-memoria-y-la-represion\/caidos\/angel-enrique-moreira-gonzalez\/#primaryimage"},"image":{"@id":"https:\/\/www.jepvenezuela.com\/museo-de-la-memoria-y-la-represion\/caidos\/angel-enrique-moreira-gonzalez\/#primaryimage"},"thumbnailUrl":"https:\/\/www.jepvenezuela.com\/museo-de-la-memoria-y-la-represion\/wp-content\/uploads\/sites\/2\/2020\/12\/imagenes-museo-39.jpg","datePublished":"2020-12-04T02:47:26+00:00","dateModified":"2022-04-25T16:05:31+00:00","breadcrumb":{"@id":"https:\/\/www.jepvenezuela.com\/museo-de-la-memoria-y-la-represion\/caidos\/angel-enrique-moreira-gonzalez\/#breadcrumb"},"inLanguage":"es","potentialAction":[{"@type":"ReadAction","target":["https:\/\/www.jepvenezuela.com\/museo-de-la-memoria-y-la-represion\/caidos\/angel-enrique-moreira-gonzalez\/"]}]},{"@type":"ImageObject","inLanguage":"es","@id":"https:\/\/www.jepvenezuela.com\/museo-de-la-memoria-y-la-represion\/caidos\/angel-enrique-moreira-gonzalez\/#primaryimage","url":"https:\/\/www.jepvenezuela.com\/museo-de-la-memoria-y-la-represion\/wp-content\/uploads\/sites\/2\/2020\/12\/imagenes-museo-39.jpg","contentUrl":"https:\/\/www.jepvenezuela.com\/museo-de-la-memoria-y-la-represion\/wp-content\/uploads\/sites\/2\/2020\/12\/imagenes-museo-39.jpg","width":1920,"height":1080},{"@type":"BreadcrumbList","@id":"https:\/\/www.jepvenezuela.com\/museo-de-la-memoria-y-la-represion\/caidos\/angel-enrique-moreira-gonzalez\/#breadcrumb","itemListElement":[{"@type":"ListItem","position":1,"name":"Portada","item":"https:\/\/www.jepvenezuela.com\/museo-de-la-memoria-y-la-represion\/"},{"@type":"ListItem","position":2,"name":"Ca\u00eddos","item":"https:\/\/www.jepvenezuela.com\/museo-de-la-memoria-y-la-represion\/caidos\/"},{"@type":"ListItem","position":3,"name":"\u00c1ngel Enrique Moreira Gonz\u00e1lez"}]},{"@type":"WebSite","@id":"https:\/\/www.jepvenezuela.com\/museo-de-la-memoria-y-la-represion\/#website","url":"https:\/\/www.jepvenezuela.com\/museo-de-la-memoria-y-la-represion\/","name":"Museo de la Memoria y la Represi\u00f3n - JEP Venezuela","description":"Un espacio dedicado a honrar la memoria de los venezolanos que fueron asesinados en el contexto de las manifestaciones pac\u00edficas desde el a\u00f1o 2014 hasta la actualidad","potentialAction":[{"@type":"SearchAction","target":{"@type":"EntryPoint","urlTemplate":"https:\/\/www.jepvenezuela.com\/museo-de-la-memoria-y-la-represion\/?s={search_term_string}"},"query-input":{"@type":"PropertyValueSpecification","valueRequired":true,"valueName":"search_term_string"}}],"inLanguage":"es"}]}},"_links":{"self":[{"href":"https:\/\/www.jepvenezuela.com\/museo-de-la-memoria-y-la-represion\/wp-json\/wp\/v2\/caidos\/433","targetHints":{"allow":["GET"]}}],"collection":[{"href":"https:\/\/www.jepvenezuela.com\/museo-de-la-memoria-y-la-represion\/wp-json\/wp\/v2\/caidos"}],"about":[{"href":"https:\/\/www.jepvenezuela.com\/museo-de-la-memoria-y-la-represion\/wp-json\/wp\/v2\/types\/caidos"}],"wp:featuredmedia":[{"embeddable":true,"href":"https:\/\/www.jepvenezuela.com\/museo-de-la-memoria-y-la-represion\/wp-json\/wp\/v2\/media\/563"}],"wp:attachment":[{"href":"https:\/\/www.jepvenezuela.com\/museo-de-la-memoria-y-la-represion\/wp-json\/wp\/v2\/media?parent=433"}],"wp:term":[{"taxonomy":"caidos_cat","embeddable":true,"href":"https:\/\/www.jepvenezuela.com\/museo-de-la-memoria-y-la-represion\/wp-json\/wp\/v2\/caidos_cat?post=433"}],"curies":[{"name":"wp","href":"https:\/\/api.w.org\/{rel}","templated":true}]}}