{"id":622,"date":"2020-12-10T02:12:37","date_gmt":"2020-12-10T02:12:37","guid":{"rendered":"https:\/\/test.jepvenezuela.com\/museo-de-la-memoria-y-la-represion\/?post_type=caidos&#038;p=622"},"modified":"2022-02-23T02:46:56","modified_gmt":"2022-02-23T02:46:56","slug":"augusto-sergio-pugas-velasquez","status":"publish","type":"caidos","link":"https:\/\/www.jepvenezuela.com\/museo-de-la-memoria-y-la-represion\/caidos\/augusto-sergio-pugas-velasquez\/","title":{"rendered":"Augusto Sergio Pugas Vel\u00e1squez"},"content":{"rendered":"\n<div style=\"height:52px\" aria-hidden=\"true\" class=\"wp-block-spacer\"><\/div>\n\n\n\n<h2>Ejecutado extrajudicialmente en el ejercicio del derecho a la manifestaci\u00f3n, el 24 de mayo de 2017.<\/h2>\n<p><strong>Edad:<\/strong> 22 a\u00f1os. <br \/><br \/><strong>Profesi\u00f3n y\/o Oficio:<\/strong> Estudiante tercer semestre de medicina<\/p>\n<p><br \/><strong>Presuntos responsables<\/strong>: Funcionarios de la polic\u00eda del estado Bol\u00edvar.\u00a0<\/p>\n<p><strong>Estado:<\/strong> Bol\u00edvar. <br \/><br \/><strong>Rese\u00f1a del caso:<\/strong> El 24 de mayo de 2017, en la Av. Bol\u00edvar, Sector La Milagrosa, estado Bol\u00edvar, mientras se encontraba en una protesta en las adyacencias del n\u00facleo de la Universidad de Oriente, presuntos polic\u00edas estatales le arrebataron la vida tras propinarle un disparo en el cr\u00e1neo.<\/p>\n<p>\u00a0<\/p>\n<p><strong>Estatus Judicial: <\/strong>Audiencia Preliminar<\/p>\n\n\n\n<div style=\"height:51px\" aria-hidden=\"true\" class=\"wp-block-spacer\"><\/div>\n\n\n\n<h2><strong>\u00a1Nunca m\u00e1s una v\u00edctima por violaci\u00f3n de derechos humanos en Venezuela!<\/strong><\/h2>\n\n\n\n<div style=\"height:100px\" aria-hidden=\"true\" class=\"wp-block-spacer\"><\/div>\n\n\n\n<hr class=\"wp-block-separator has-text-color has-background has-white-background-color has-white-color\" \/>\n\n\n\n<div style=\"height:100px\" aria-hidden=\"true\" class=\"wp-block-spacer\"><\/div>\n\n\n\n<h2>Recuerdos de Augusto&nbsp;<\/h2>\n\n\n\n<figure class=\"wp-block-gallery has-nested-images columns-default is-cropped wp-block-gallery-1 is-layout-flex wp-block-gallery-is-layout-flex\">\n<figure class=\"wp-block-image size-large\"><img fetchpriority=\"high\" decoding=\"async\" width=\"1920\" height=\"1080\" data-id=\"898\" src=\"https:\/\/www.jepvenezuela.com\/museo-de-la-memoria-y-la-represion\/wp-content\/uploads\/sites\/2\/2020\/12\/augusto-pugas-007.jpg\" alt=\"\" class=\"wp-image-898\" srcset=\"https:\/\/www.jepvenezuela.com\/museo-de-la-memoria-y-la-represion\/wp-content\/uploads\/sites\/2\/2020\/12\/augusto-pugas-007.jpg 1920w, https:\/\/www.jepvenezuela.com\/museo-de-la-memoria-y-la-represion\/wp-content\/uploads\/sites\/2\/2020\/12\/augusto-pugas-007-825x464.jpg 825w, https:\/\/www.jepvenezuela.com\/museo-de-la-memoria-y-la-represion\/wp-content\/uploads\/sites\/2\/2020\/12\/augusto-pugas-007-1536x864.jpg 1536w\" sizes=\"(max-width: 1920px) 100vw, 1920px\" \/><\/figure>\n\n\n\n<figure class=\"wp-block-image size-large\"><img decoding=\"async\" width=\"1080\" height=\"1080\" data-id=\"899\" src=\"https:\/\/www.jepvenezuela.com\/museo-de-la-memoria-y-la-represion\/wp-content\/uploads\/sites\/2\/2020\/12\/augusto-pugas-002.jpg\" alt=\"\" class=\"wp-image-899\" srcset=\"https:\/\/www.jepvenezuela.com\/museo-de-la-memoria-y-la-represion\/wp-content\/uploads\/sites\/2\/2020\/12\/augusto-pugas-002.jpg 1080w, https:\/\/www.jepvenezuela.com\/museo-de-la-memoria-y-la-represion\/wp-content\/uploads\/sites\/2\/2020\/12\/augusto-pugas-002-150x150.jpg 150w\" sizes=\"(max-width: 1080px) 100vw, 1080px\" \/><\/figure>\n<\/figure>\n\n\n\n<div style=\"height:100px\" aria-hidden=\"true\" class=\"wp-block-spacer\"><\/div>\n\n\n\n<hr class=\"wp-block-separator has-text-color has-background has-white-background-color has-white-color\" \/>\n\n\n\n<div style=\"height:100px\" aria-hidden=\"true\" class=\"wp-block-spacer\"><\/div>\n\n\n\n<div style=\"height:100px\" aria-hidden=\"true\" class=\"wp-block-spacer\"><\/div>\n\n\n\n<hr class=\"wp-block-separator has-text-color has-background has-white-background-color has-white-color\" \/>\n\n\n\n<div style=\"height:100px\" aria-hidden=\"true\" class=\"wp-block-spacer\"><\/div>\n\n\n\n<h2>Heridas de su adi\u00f3s&nbsp;<\/h2>\n\n\n\n<figure class=\"wp-block-gallery has-nested-images columns-default is-cropped wp-block-gallery-2 is-layout-flex wp-block-gallery-is-layout-flex\">\n<figure class=\"wp-block-image size-large\"><img decoding=\"async\" width=\"1920\" height=\"1080\" data-id=\"895\" src=\"https:\/\/www.jepvenezuela.com\/museo-de-la-memoria-y-la-represion\/wp-content\/uploads\/sites\/2\/2020\/12\/augusto-pugas-005.jpg\" alt=\"\" class=\"wp-image-895\" srcset=\"https:\/\/www.jepvenezuela.com\/museo-de-la-memoria-y-la-represion\/wp-content\/uploads\/sites\/2\/2020\/12\/augusto-pugas-005.jpg 1920w, https:\/\/www.jepvenezuela.com\/museo-de-la-memoria-y-la-represion\/wp-content\/uploads\/sites\/2\/2020\/12\/augusto-pugas-005-825x464.jpg 825w, https:\/\/www.jepvenezuela.com\/museo-de-la-memoria-y-la-represion\/wp-content\/uploads\/sites\/2\/2020\/12\/augusto-pugas-005-1536x864.jpg 1536w\" sizes=\"(max-width: 1920px) 100vw, 1920px\" \/><\/figure>\n\n\n\n<figure class=\"wp-block-image size-large\"><img loading=\"lazy\" decoding=\"async\" width=\"1920\" height=\"1080\" data-id=\"896\" src=\"https:\/\/www.jepvenezuela.com\/museo-de-la-memoria-y-la-represion\/wp-content\/uploads\/sites\/2\/2020\/12\/augusto-pugas-001.jpg\" alt=\"\" class=\"wp-image-896\" srcset=\"https:\/\/www.jepvenezuela.com\/museo-de-la-memoria-y-la-represion\/wp-content\/uploads\/sites\/2\/2020\/12\/augusto-pugas-001.jpg 1920w, https:\/\/www.jepvenezuela.com\/museo-de-la-memoria-y-la-represion\/wp-content\/uploads\/sites\/2\/2020\/12\/augusto-pugas-001-825x464.jpg 825w, https:\/\/www.jepvenezuela.com\/museo-de-la-memoria-y-la-represion\/wp-content\/uploads\/sites\/2\/2020\/12\/augusto-pugas-001-1536x864.jpg 1536w\" sizes=\"(max-width: 1920px) 100vw, 1920px\" \/><\/figure>\n<figcaption class=\"blocks-gallery-caption\">Fotos cortes\u00eda<\/figcaption><\/figure>\n\n\n\n<div style=\"height:100px\" aria-hidden=\"true\" class=\"wp-block-spacer\"><\/div>\n\n\n\n<hr class=\"wp-block-separator has-text-color has-background has-white-background-color has-white-color\" \/>\n\n\n\n<div style=\"height:100px\" aria-hidden=\"true\" class=\"wp-block-spacer\"><\/div>\n\n\n\n<h1 style=\"text-align: center\">#RecordarEsJusticia<\/h1>\n","protected":false},"featured_media":625,"parent":0,"menu_order":0,"template":"","caidos_cat":[3],"class_list":["post-622","caidos","type-caidos","status-publish","has-post-thumbnail","hentry","caidos_cat-los-del-2017-2018"],"acf":[],"yoast_head":"<!-- This site is optimized with the Yoast SEO plugin v26.7 - https:\/\/yoast.com\/wordpress\/plugins\/seo\/ -->\n<title>Augusto Sergio Pugas Vel\u00e1squez - Museo de la Memoria y la Represi\u00f3n - JEP Venezuela<\/title>\n<meta name=\"robots\" content=\"index, follow, max-snippet:-1, max-image-preview:large, max-video-preview:-1\" \/>\n<link rel=\"canonical\" href=\"https:\/\/www.jepvenezuela.com\/museo-de-la-memoria-y-la-represion\/caidos\/augusto-sergio-pugas-velasquez\/\" \/>\n<meta property=\"og:locale\" content=\"es_ES\" \/>\n<meta property=\"og:type\" content=\"article\" \/>\n<meta property=\"og:title\" content=\"Augusto Sergio Pugas Vel\u00e1squez - Museo de la Memoria y la Represi\u00f3n - JEP Venezuela\" \/>\n<meta property=\"og:description\" content=\"Ejecutado extrajudicialmente en el ejercicio del derecho a la manifestaci\u00f3n, el 24 de mayo de 2017. Edad: 22 a\u00f1os. Profesi\u00f3n y\/o Oficio: Estudiante tercer semestre de medicina Presuntos responsables: Funcionarios de la polic\u00eda del estado Bol\u00edvar.\u00a0 Estado: Bol\u00edvar. Rese\u00f1a del caso: El 24 de mayo de 2017, en la Av. Bol\u00edvar, Sector La Milagrosa, estado [&hellip;]\" \/>\n<meta property=\"og:url\" content=\"https:\/\/www.jepvenezuela.com\/museo-de-la-memoria-y-la-represion\/caidos\/augusto-sergio-pugas-velasquez\/\" \/>\n<meta property=\"og:site_name\" content=\"Museo de la Memoria y la Represi\u00f3n - JEP Venezuela\" \/>\n<meta property=\"article:publisher\" content=\"https:\/\/www.facebook.com\/JEPVenezuela\" \/>\n<meta property=\"article:modified_time\" content=\"2022-02-23T02:46:56+00:00\" \/>\n<meta property=\"og:image\" content=\"https:\/\/www.jepvenezuela.com\/museo-de-la-memoria-y-la-represion\/wp-content\/uploads\/sites\/2\/2020\/12\/imagenes-museo-65.jpg\" \/>\n\t<meta property=\"og:image:width\" content=\"1920\" \/>\n\t<meta property=\"og:image:height\" content=\"1080\" \/>\n\t<meta property=\"og:image:type\" content=\"image\/jpeg\" \/>\n<meta name=\"twitter:card\" content=\"summary_large_image\" \/>\n<meta name=\"twitter:site\" content=\"@JEPvzla\" \/>\n<meta name=\"twitter:label1\" content=\"Tiempo de lectura\" \/>\n\t<meta name=\"twitter:data1\" content=\"2 minutos\" \/>\n<script type=\"application\/ld+json\" class=\"yoast-schema-graph\">{\"@context\":\"https:\/\/schema.org\",\"@graph\":[{\"@type\":\"WebPage\",\"@id\":\"https:\/\/www.jepvenezuela.com\/museo-de-la-memoria-y-la-represion\/caidos\/augusto-sergio-pugas-velasquez\/\",\"url\":\"https:\/\/www.jepvenezuela.com\/museo-de-la-memoria-y-la-represion\/caidos\/augusto-sergio-pugas-velasquez\/\",\"name\":\"Augusto Sergio Pugas Vel\u00e1squez - Museo de la Memoria y la Represi\u00f3n - JEP Venezuela\",\"isPartOf\":{\"@id\":\"https:\/\/www.jepvenezuela.com\/museo-de-la-memoria-y-la-represion\/#website\"},\"primaryImageOfPage\":{\"@id\":\"https:\/\/www.jepvenezuela.com\/museo-de-la-memoria-y-la-represion\/caidos\/augusto-sergio-pugas-velasquez\/#primaryimage\"},\"image\":{\"@id\":\"https:\/\/www.jepvenezuela.com\/museo-de-la-memoria-y-la-represion\/caidos\/augusto-sergio-pugas-velasquez\/#primaryimage\"},\"thumbnailUrl\":\"https:\/\/www.jepvenezuela.com\/museo-de-la-memoria-y-la-represion\/wp-content\/uploads\/sites\/2\/2020\/12\/imagenes-museo-65.jpg\",\"datePublished\":\"2020-12-10T02:12:37+00:00\",\"dateModified\":\"2022-02-23T02:46:56+00:00\",\"breadcrumb\":{\"@id\":\"https:\/\/www.jepvenezuela.com\/museo-de-la-memoria-y-la-represion\/caidos\/augusto-sergio-pugas-velasquez\/#breadcrumb\"},\"inLanguage\":\"es\",\"potentialAction\":[{\"@type\":\"ReadAction\",\"target\":[\"https:\/\/www.jepvenezuela.com\/museo-de-la-memoria-y-la-represion\/caidos\/augusto-sergio-pugas-velasquez\/\"]}]},{\"@type\":\"ImageObject\",\"inLanguage\":\"es\",\"@id\":\"https:\/\/www.jepvenezuela.com\/museo-de-la-memoria-y-la-represion\/caidos\/augusto-sergio-pugas-velasquez\/#primaryimage\",\"url\":\"https:\/\/www.jepvenezuela.com\/museo-de-la-memoria-y-la-represion\/wp-content\/uploads\/sites\/2\/2020\/12\/imagenes-museo-65.jpg\",\"contentUrl\":\"https:\/\/www.jepvenezuela.com\/museo-de-la-memoria-y-la-represion\/wp-content\/uploads\/sites\/2\/2020\/12\/imagenes-museo-65.jpg\",\"width\":1920,\"height\":1080},{\"@type\":\"BreadcrumbList\",\"@id\":\"https:\/\/www.jepvenezuela.com\/museo-de-la-memoria-y-la-represion\/caidos\/augusto-sergio-pugas-velasquez\/#breadcrumb\",\"itemListElement\":[{\"@type\":\"ListItem\",\"position\":1,\"name\":\"Portada\",\"item\":\"https:\/\/www.jepvenezuela.com\/museo-de-la-memoria-y-la-represion\/\"},{\"@type\":\"ListItem\",\"position\":2,\"name\":\"Ca\u00eddos\",\"item\":\"https:\/\/www.jepvenezuela.com\/museo-de-la-memoria-y-la-represion\/caidos\/\"},{\"@type\":\"ListItem\",\"position\":3,\"name\":\"Augusto Sergio Pugas Vel\u00e1squez\"}]},{\"@type\":\"WebSite\",\"@id\":\"https:\/\/www.jepvenezuela.com\/museo-de-la-memoria-y-la-represion\/#website\",\"url\":\"https:\/\/www.jepvenezuela.com\/museo-de-la-memoria-y-la-represion\/\",\"name\":\"Museo de la Memoria y la Represi\u00f3n - JEP Venezuela\",\"description\":\"Un espacio dedicado a honrar la memoria de los venezolanos que fueron asesinados en el contexto de las manifestaciones pac\u00edficas desde el a\u00f1o 2014 hasta la actualidad\",\"potentialAction\":[{\"@type\":\"SearchAction\",\"target\":{\"@type\":\"EntryPoint\",\"urlTemplate\":\"https:\/\/www.jepvenezuela.com\/museo-de-la-memoria-y-la-represion\/?s={search_term_string}\"},\"query-input\":{\"@type\":\"PropertyValueSpecification\",\"valueRequired\":true,\"valueName\":\"search_term_string\"}}],\"inLanguage\":\"es\"}]}<\/script>\n<!-- \/ Yoast SEO plugin. -->","yoast_head_json":{"title":"Augusto Sergio Pugas Vel\u00e1squez - Museo de la Memoria y la Represi\u00f3n - JEP Venezuela","robots":{"index":"index","follow":"follow","max-snippet":"max-snippet:-1","max-image-preview":"max-image-preview:large","max-video-preview":"max-video-preview:-1"},"canonical":"https:\/\/www.jepvenezuela.com\/museo-de-la-memoria-y-la-represion\/caidos\/augusto-sergio-pugas-velasquez\/","og_locale":"es_ES","og_type":"article","og_title":"Augusto Sergio Pugas Vel\u00e1squez - Museo de la Memoria y la Represi\u00f3n - JEP Venezuela","og_description":"Ejecutado extrajudicialmente en el ejercicio del derecho a la manifestaci\u00f3n, el 24 de mayo de 2017. Edad: 22 a\u00f1os. Profesi\u00f3n y\/o Oficio: Estudiante tercer semestre de medicina Presuntos responsables: Funcionarios de la polic\u00eda del estado Bol\u00edvar.\u00a0 Estado: Bol\u00edvar. Rese\u00f1a del caso: El 24 de mayo de 2017, en la Av. Bol\u00edvar, Sector La Milagrosa, estado [&hellip;]","og_url":"https:\/\/www.jepvenezuela.com\/museo-de-la-memoria-y-la-represion\/caidos\/augusto-sergio-pugas-velasquez\/","og_site_name":"Museo de la Memoria y la Represi\u00f3n - JEP Venezuela","article_publisher":"https:\/\/www.facebook.com\/JEPVenezuela","article_modified_time":"2022-02-23T02:46:56+00:00","og_image":[{"width":1920,"height":1080,"url":"https:\/\/www.jepvenezuela.com\/museo-de-la-memoria-y-la-represion\/wp-content\/uploads\/sites\/2\/2020\/12\/imagenes-museo-65.jpg","type":"image\/jpeg"}],"twitter_card":"summary_large_image","twitter_site":"@JEPvzla","twitter_misc":{"Tiempo de lectura":"2 minutos"},"schema":{"@context":"https:\/\/schema.org","@graph":[{"@type":"WebPage","@id":"https:\/\/www.jepvenezuela.com\/museo-de-la-memoria-y-la-represion\/caidos\/augusto-sergio-pugas-velasquez\/","url":"https:\/\/www.jepvenezuela.com\/museo-de-la-memoria-y-la-represion\/caidos\/augusto-sergio-pugas-velasquez\/","name":"Augusto Sergio Pugas Vel\u00e1squez - Museo de la Memoria y la Represi\u00f3n - JEP Venezuela","isPartOf":{"@id":"https:\/\/www.jepvenezuela.com\/museo-de-la-memoria-y-la-represion\/#website"},"primaryImageOfPage":{"@id":"https:\/\/www.jepvenezuela.com\/museo-de-la-memoria-y-la-represion\/caidos\/augusto-sergio-pugas-velasquez\/#primaryimage"},"image":{"@id":"https:\/\/www.jepvenezuela.com\/museo-de-la-memoria-y-la-represion\/caidos\/augusto-sergio-pugas-velasquez\/#primaryimage"},"thumbnailUrl":"https:\/\/www.jepvenezuela.com\/museo-de-la-memoria-y-la-represion\/wp-content\/uploads\/sites\/2\/2020\/12\/imagenes-museo-65.jpg","datePublished":"2020-12-10T02:12:37+00:00","dateModified":"2022-02-23T02:46:56+00:00","breadcrumb":{"@id":"https:\/\/www.jepvenezuela.com\/museo-de-la-memoria-y-la-represion\/caidos\/augusto-sergio-pugas-velasquez\/#breadcrumb"},"inLanguage":"es","potentialAction":[{"@type":"ReadAction","target":["https:\/\/www.jepvenezuela.com\/museo-de-la-memoria-y-la-represion\/caidos\/augusto-sergio-pugas-velasquez\/"]}]},{"@type":"ImageObject","inLanguage":"es","@id":"https:\/\/www.jepvenezuela.com\/museo-de-la-memoria-y-la-represion\/caidos\/augusto-sergio-pugas-velasquez\/#primaryimage","url":"https:\/\/www.jepvenezuela.com\/museo-de-la-memoria-y-la-represion\/wp-content\/uploads\/sites\/2\/2020\/12\/imagenes-museo-65.jpg","contentUrl":"https:\/\/www.jepvenezuela.com\/museo-de-la-memoria-y-la-represion\/wp-content\/uploads\/sites\/2\/2020\/12\/imagenes-museo-65.jpg","width":1920,"height":1080},{"@type":"BreadcrumbList","@id":"https:\/\/www.jepvenezuela.com\/museo-de-la-memoria-y-la-represion\/caidos\/augusto-sergio-pugas-velasquez\/#breadcrumb","itemListElement":[{"@type":"ListItem","position":1,"name":"Portada","item":"https:\/\/www.jepvenezuela.com\/museo-de-la-memoria-y-la-represion\/"},{"@type":"ListItem","position":2,"name":"Ca\u00eddos","item":"https:\/\/www.jepvenezuela.com\/museo-de-la-memoria-y-la-represion\/caidos\/"},{"@type":"ListItem","position":3,"name":"Augusto Sergio Pugas Vel\u00e1squez"}]},{"@type":"WebSite","@id":"https:\/\/www.jepvenezuela.com\/museo-de-la-memoria-y-la-represion\/#website","url":"https:\/\/www.jepvenezuela.com\/museo-de-la-memoria-y-la-represion\/","name":"Museo de la Memoria y la Represi\u00f3n - JEP Venezuela","description":"Un espacio dedicado a honrar la memoria de los venezolanos que fueron asesinados en el contexto de las manifestaciones pac\u00edficas desde el a\u00f1o 2014 hasta la actualidad","potentialAction":[{"@type":"SearchAction","target":{"@type":"EntryPoint","urlTemplate":"https:\/\/www.jepvenezuela.com\/museo-de-la-memoria-y-la-represion\/?s={search_term_string}"},"query-input":{"@type":"PropertyValueSpecification","valueRequired":true,"valueName":"search_term_string"}}],"inLanguage":"es"}]}},"_links":{"self":[{"href":"https:\/\/www.jepvenezuela.com\/museo-de-la-memoria-y-la-represion\/wp-json\/wp\/v2\/caidos\/622","targetHints":{"allow":["GET"]}}],"collection":[{"href":"https:\/\/www.jepvenezuela.com\/museo-de-la-memoria-y-la-represion\/wp-json\/wp\/v2\/caidos"}],"about":[{"href":"https:\/\/www.jepvenezuela.com\/museo-de-la-memoria-y-la-represion\/wp-json\/wp\/v2\/types\/caidos"}],"wp:featuredmedia":[{"embeddable":true,"href":"https:\/\/www.jepvenezuela.com\/museo-de-la-memoria-y-la-represion\/wp-json\/wp\/v2\/media\/625"}],"wp:attachment":[{"href":"https:\/\/www.jepvenezuela.com\/museo-de-la-memoria-y-la-represion\/wp-json\/wp\/v2\/media?parent=622"}],"wp:term":[{"taxonomy":"caidos_cat","embeddable":true,"href":"https:\/\/www.jepvenezuela.com\/museo-de-la-memoria-y-la-represion\/wp-json\/wp\/v2\/caidos_cat?post=622"}],"curies":[{"name":"wp","href":"https:\/\/api.w.org\/{rel}","templated":true}]}}